{"id":5619,"date":"2025-04-22T13:44:54","date_gmt":"2025-04-22T12:44:54","guid":{"rendered":"https:\/\/wir-lernen-weiter.ch\/?post_type=ht_kb&#038;p=5619"},"modified":"2026-04-13T21:25:09","modified_gmt":"2026-04-13T20:25:09","slug":"digitale-bildung-fuer-benachteiligte-gruppen","status":"publish","type":"ht_kb","link":"https:\/\/wir-lernen-weiter.ch\/it\/knowledge-base\/digitale-bildung-fuer-benachteiligte-gruppen\/","title":{"rendered":"Educazione digitale per i gruppi svantaggiati"},"content":{"rendered":"<h2 class=\"wp-block-heading\">Situazione iniziale<\/h2>\n\n\n\n<p><strong>Nel XXI secolo, le competenze digitali non sono pi\u00f9 un \"nice-to-have\", ma un requisito fondamentale per la partecipazione sociale, le prospettive di carriera e una vita autodeterminata. Tuttavia, esse rappresentano una sfida particolare per le persone in situazioni di svantaggio sociale, non perch\u00e9 non ne abbiano il potenziale, ma perch\u00e9 spesso non hanno accesso ai dispositivi e ai programmi educativi necessari.<\/strong><\/p>\n\n\n\n<hr class=\"wp-block-separator has-alpha-channel-opacity\"\/>\n\n\n\n<p class=\"has-large-font-size\"><strong>Competenze digitali: la base per la partecipazione<\/strong><\/p>\n\n\n\n<p>La digitalizzazione sta cambiando tutti i settori della vita. Chiunque cerchi un lavoro oggi deve essere in grado di scrivere e presentare domande online. Chiunque comunichi con le autorit\u00e0 ha bisogno di un account di posta elettronica o di un modulo online. Chi continua la propria formazione, di solito utilizza strumenti digitali. Senza competenze digitali di base, l'accesso all'istruzione, al mercato del lavoro e alla vita sociale diventa pi\u00f9 difficile o addirittura impossibile.<\/p>\n\n\n\n<p>L'educazione digitale non \u00e8 quindi un lusso, ma un requisito fondamentale per l'integrazione sociale e professionale. Inizia presto, nell'ambiente scolastico, e continua attraverso la formazione professionale e la vita adulta. Ma cosa succede quando le persone vivono in povert\u00e0 o hanno difficolt\u00e0 di accesso alle infrastrutture?<\/p>\n\n\n\n<hr class=\"wp-block-separator has-alpha-channel-opacity\"\/>\n\n\n\n<p class=\"has-large-font-size\"><strong>Nessuna competenza senza dispositivi<\/strong><\/p>\n\n\n\n<p>Ai bambini viene insegnato l'uso del computer fin dalla scuola primaria. I bambini imparano a scrivere un documento Word, a creare una presentazione o a lavorare con le piattaforme di apprendimento online. Spesso si presume tacitamente che abbiano un proprio dispositivo a casa. In caso contrario, i bambini interessati rimangono rapidamente indietro, non perch\u00e9 siano meno interessati o meno capaci di imparare, ma semplicemente perch\u00e9 non hanno gli strumenti.<\/p>\n\n\n\n<p>Questo divario \u00e8 ulteriormente aggravato nell'istruzione professionale: gli studenti non dipendono solo da un dispositivo, ma spesso da potenti computer portatili che soddisfano determinati requisiti tecnici. I costi di acquisto rappresentano un onere eccessivo per molte famiglie, soprattutto se pi\u00f9 figli frequentano la scuola allo stesso tempo. Anche per gli adulti che non hanno accesso ai dispositivi digitali e alle opportunit\u00e0 di apprendimento, la partecipazione al mercato del lavoro moderno \u00e8 quasi impossibile.<\/p>\n\n\n\n<figure class=\"wp-block-image size-full\"><img decoding=\"async\" width=\"963\" height=\"442\" src=\"https:\/\/wir-lernen-weiter.ch\/wp-content\/uploads\/2025\/04\/grafik-3.png\" alt=\"\" class=\"wp-image-5623\" srcset=\"https:\/\/wir-lernen-weiter.ch\/wp-content\/uploads\/2025\/04\/grafik-3.png 963w, https:\/\/wir-lernen-weiter.ch\/wp-content\/uploads\/2025\/04\/grafik-3-300x138.png 300w, https:\/\/wir-lernen-weiter.ch\/wp-content\/uploads\/2025\/04\/grafik-3-768x352.png 768w, https:\/\/wir-lernen-weiter.ch\/wp-content\/uploads\/2025\/04\/grafik-3-50x23.png 50w, https:\/\/wir-lernen-weiter.ch\/wp-content\/uploads\/2025\/04\/grafik-3-18x8.png 18w\" sizes=\"(max-width: 963px) 100vw, 963px\" \/><\/figure>\n\n\n\n<hr class=\"wp-block-separator has-alpha-channel-opacity\"\/>\n\n\n\n<h2 class=\"wp-block-heading\"><strong>Sfide per l'Wir lernen weiter<\/strong><\/h2>\n\n\n\n<p class=\"has-large-font-size\"><strong>Sfide politiche: Il federalismo come ostacolo<\/strong><\/p>\n\n\n\n<p>Sebbene le competenze digitali di base siano da tempo considerate la chiave per la partecipazione sociale e professionale, in Svizzera manca ancora una strategia standardizzata per garantire l'accesso ai dispositivi digitali alle persone che vivono in povert\u00e0. La responsabilit\u00e0 \u00e8 in gran parte dei Cantoni o addirittura dei singoli Comuni, il che significa che non esiste una soluzione a livello nazionale. A seconda del luogo in cui vivono, le persone in situazioni di vita simili ricevono servizi di supporto molto diversi - o addirittura nessuno.<\/p>\n\n\n\n<p>Questa struttura federale rende difficile coordinare l'attuazione di progetti come l'Wir lernen weiter. Mentre in un cantone possono gi\u00e0 esistere dei partenariati, in altre regioni i processi sono sconosciuti o non vengono sostenuti a causa della mancanza di priorit\u00e0 politica. Tuttavia, l'inclusione digitale sostenibile richiede un impegno nazionale, ad esempio sotto forma di una strategia di approvvigionamento di base che tenga conto dell'accesso ai dispositivi digitali cos\u00ec come dell'accesso al cibo, all'alloggio o all'assistenza medica.<\/p>\n\n\n\n<hr class=\"wp-block-separator has-alpha-channel-opacity\"\/>\n\n\n\n<p class=\"has-large-font-size\"><strong>Opportunit\u00e0 a livello nazionale:<\/strong><\/p>\n\n\n\n<ul class=\"wp-block-list\">\n<li><strong>Facilitare l'accesso<\/strong> aprendo l'opzione di ordinazione a tutte le parti interessate in tutta la Svizzera.<\/li>\n\n\n\n<li><strong>Migliorare il coordinamento<\/strong> attraverso uffici centralizzati che consentono l'accesso indipendentemente dal cantone di residenza.<\/li>\n\n\n\n<li><strong>Riduzione degli ostacoli<\/strong> attraverso regolamenti standardizzati sui servizi digitali di base nell'assistenza sociale.<\/li>\n<\/ul>\n\n\n\n<hr class=\"wp-block-separator has-alpha-channel-opacity\"\/>\n\n\n\n<p class=\"has-large-font-size\"><strong>Mancanza di consapevolezza: un'offerta sottovalutata<\/strong><\/p>\n\n\n\n<p>Oltre agli ostacoli strutturali, c'\u00e8 anche una mancanza di visibilit\u00e0 per le soluzioni esistenti. Molte aziende, istituzioni e potenziali partner non sono a conoscenza dei servizi offerti da <em>Wir lernen weiter<\/em> no, anche se ci\u00f2 consentirebbe loro di cedere i vecchi dispositivi in modo significativo, di risparmiare i costi di cancellazione dei dati e di dare un contributo sociale allo stesso tempo.<\/p>\n\n\n\n<p>C'\u00e8 un particolare bisogno di educazione nel mondo aziendale: persiste l'idea che la protezione dei dati sia un ostacolo insormontabile quando si condividono i dispositivi - anche se Wir lernen weiter soddisfa i pi\u00f9 alti standard di sicurezza con la cancellazione certificata dei dati in conformit\u00e0 con la norma DIN 66399 e una traccia di audit trasparente. Una strategia di comunicazione mirata, un lavoro di formazione e la creazione di una rete stabile sono quindi compiti fondamentali per aumentare la portata del servizio e dare cos\u00ec a pi\u00f9 persone l'accesso al mondo digitale.<\/p>\n\n\n\n<p>Potenziali passi per una maggiore consapevolezza:<\/p>\n\n\n\n<ul class=\"wp-block-list\">\n<li><strong>Aumentare la gamma<\/strong> attraverso campagne mirate per aziende ed enti pubblici.<\/li>\n\n\n\n<li><strong>Rafforzare le reti<\/strong> attraverso partenariati strategici con le organizzazioni interessate.<\/li>\n\n\n\n<li><strong>Promuovere la visibilit\u00e0<\/strong> attraverso la partecipazione a eventi, conferenze e pubblicazioni specializzate.<\/li>\n<\/ul>\n\n\n\n<hr class=\"wp-block-separator has-alpha-channel-opacity\"\/>\n\n\n\n<p class=\"has-large-font-size\"><strong>Laboratori per scolari: educazione digitale pratica<\/strong><\/p>\n\n\n\n<p>Oltre a fornire computer portatili, l'Wir lernen weiter \u00e8 anche attivamente coinvolto nell'educazione digitale. Nei laboratori che si tengono nell'officina Merenschwand, i bambini ricevono informazioni pratiche sul mondo delle tecnologie dell'informazione e della comunicazione. Non solo imparano come funziona un computer, ma anche come \u00e8 fatto: In piccoli gruppi, vengono spiegati componenti come il processore, la RAM o il disco rigido, secondo il principio dell'\"imparare facendo\". L'obiettivo \u00e8 ridurre la paura del contatto e promuovere una comprensione di base delle tecnologie digitali in et\u00e0 precoce. La risposta positiva dimostra che molti bambini sperimentano una reale autoefficacia nell'affrontare la tecnologia per la prima volta.<\/p>\n\n\n\n<p>Wir lernen weiter non ha rinunciato alla sua visione di impartire conoscenze sull'uso delle risorse digitali. L'organizzazione \u00e8 ancora alla ricerca di opzioni per incorporare questa importante missione nella sua offerta.<\/p>\n\n\n\n<p>Potenziale nella formazione delle competenze digitali:<\/p>\n\n\n\n<ul class=\"wp-block-list\">\n<li><strong>Rafforzare le competenze fin dall'inizio<\/strong> ampliando i programmi di workshop nelle scuole.<\/li>\n\n\n\n<li><strong>Abbattere le barriere <\/strong>attraverso formati a bassa soglia con conoscenze pratiche.<\/li>\n\n\n\n<li><strong>Un effetto duraturo<\/strong> ancorando l'educazione digitale a programmi extracurriculari come strumenti di e-learning o corsi in aule di formazione esterne.<\/li>\n<\/ul>\n\n\n\n<figure class=\"wp-block-image size-full\"><img decoding=\"async\" width=\"966\" height=\"576\" src=\"https:\/\/wir-lernen-weiter.ch\/wp-content\/uploads\/2025\/04\/grafik-4.png\" alt=\"\" class=\"wp-image-5624\" srcset=\"https:\/\/wir-lernen-weiter.ch\/wp-content\/uploads\/2025\/04\/grafik-4.png 966w, https:\/\/wir-lernen-weiter.ch\/wp-content\/uploads\/2025\/04\/grafik-4-300x179.png 300w, https:\/\/wir-lernen-weiter.ch\/wp-content\/uploads\/2025\/04\/grafik-4-768x458.png 768w, https:\/\/wir-lernen-weiter.ch\/wp-content\/uploads\/2025\/04\/grafik-4-50x30.png 50w, https:\/\/wir-lernen-weiter.ch\/wp-content\/uploads\/2025\/04\/grafik-4-18x12.png 18w\" sizes=\"(max-width: 966px) 100vw, 966px\" \/><\/figure>\n\n\n\n<hr class=\"wp-block-separator has-alpha-channel-opacity\"\/>\n\n\n\n<h2 class=\"wp-block-heading\">wLw-Academy: un tentativo fallito con un grande potenziale<\/h2>\n\n\n\n<p>Nel 2023, Wir lernen weiter ha lanciato la propria piattaforma di apprendimento digitale, la wLw-Academy. L'obiettivo era chiaro: le persone colpite dalla povert\u00e0 dovevano essere in grado di apprendere le competenze digitali di base attraverso un'offerta online a bassa soglia, indipendentemente dal luogo di residenza o dallo stato di istruzione. La piattaforma avrebbe insegnato contenuti importanti, come l'uso sicuro degli strumenti digitali, la comunicazione online e la redazione di domande di lavoro.<\/p>\n\n\n\n<p>Nonostante il grande impegno, il progetto ha dovuto essere cancellato: il necessario sostegno finanziario non si \u00e8 concretizzato. Questo fallimento mette in luce un problema strutturale: in Svizzera, finora, non \u00e8 esistito un meccanismo di finanziamento nazionale per sostenere iniziative educative cos\u00ec efficaci dal punto di vista sociale. Il federalismo fa s\u00ec che i progetti che potrebbero avere un impatto sovraregionale spesso falliscano a causa delle responsabilit\u00e0 cantonali o della mancanza di finanziamenti.<\/p>\n\n\n\n<p>Allo stesso tempo, il progetto mostra quanto sia grande il potenziale non sfruttato. La mancanza di attenzione politica e il mancato riconoscimento delle competenze digitali di base come parte dei servizi sociali di base impediscono attualmente la creazione di tali servizi e la loro esistenza a lungo termine.<\/p>\n\n\n\n<p>Passi necessari per sviluppare soluzioni:<\/p>\n\n\n\n<ul class=\"wp-block-list\">\n<li><strong>Chiarire l'urgenza e ottenere supporto <\/strong>contattando organizzazioni partner e altre istituzioni sociali.<\/li>\n\n\n\n<li><strong>Rendere visibile la domanda <\/strong>affrontando attivamente il divario tra politica e sfera pubblica.<\/li>\n\n\n\n<li><strong>Risorse sicure <\/strong>attraverso il finanziamento di progetti mirati e il sostegno istituzionale.<\/li>\n<\/ul>\n\n\n\n<figure class=\"wp-block-image size-full\"><img decoding=\"async\" width=\"964\" height=\"509\" src=\"https:\/\/wir-lernen-weiter.ch\/wp-content\/uploads\/2025\/04\/grafik-5.png\" alt=\"\" class=\"wp-image-5625\" srcset=\"https:\/\/wir-lernen-weiter.ch\/wp-content\/uploads\/2025\/04\/grafik-5.png 964w, https:\/\/wir-lernen-weiter.ch\/wp-content\/uploads\/2025\/04\/grafik-5-300x158.png 300w, https:\/\/wir-lernen-weiter.ch\/wp-content\/uploads\/2025\/04\/grafik-5-768x406.png 768w, https:\/\/wir-lernen-weiter.ch\/wp-content\/uploads\/2025\/04\/grafik-5-50x26.png 50w, https:\/\/wir-lernen-weiter.ch\/wp-content\/uploads\/2025\/04\/grafik-5-18x10.png 18w\" sizes=\"(max-width: 964px) 100vw, 964px\" \/><\/figure>\n\n\n\n<hr class=\"wp-block-separator has-alpha-channel-opacity\"\/>\n\n\n\n<h2 class=\"wp-block-heading\">Sintesi<\/h2>\n\n\n\n<p>Anche se l'associazione non ha un mandato educativo, Wir lernen weiter \u00e8 comunque impegnata a offrire soluzioni come pioniere dell'inclusione digitale. Finch\u00e9 mancheranno la consapevolezza e il sostegno a livello federale, queste potenziali soluzioni dovranno essere sviluppate e offerte in altri modi, nel bene e nel male.<br>Tuttavia, ci sono alcuni ostacoli da superare prima di poter sviluppare un'offerta.<\/p>\n\n\n\n<ol class=\"wp-block-list\">\n<li><strong>Sensibilizzazione in tutta la Svizzera<\/strong><br>Finch\u00e9 il problema non sar\u00e0 riconosciuto nel nostro Paese, sar\u00e0 difficile trovare sostegno e finanziamenti.<br><strong>Soluzione<\/strong><br>\u00c8 possibile attirare l'attenzione sul tema attraverso un lavoro mirato di pubbliche relazioni e di networking, dimostrando la propria presenza e creando consapevolezza su questi temi. I contatti con le organizzazioni partner dovrebbero essere utilizzati come risorsa, laddove possibile, per dare maggiore risalto alla questione.<\/li>\n\n\n\n<li><strong>Sviluppare soluzioni realistiche<\/strong><br>Per generare risorse per una soluzione a livello nazionale, \u00e8 necessario disporre di obiettivi e strategie tangibili. Questo \u00e8 l'unico modo per trovare sostenitori.<br><strong>Soluzione<\/strong><br>La ricerca descritta al punto 1 e la sensibilizzazione al tema forniscono un input sufficiente per lo sviluppo di un'offerta significativa. Con le risorse interne e i risultati del progetto wLw-Academy, \u00e8 possibile sviluppare una strategia realistica.<\/li>\n\n\n\n<li><strong>Finanziamento sicuro<\/strong><br>Il progetto wLw-Academy ha chiarito che la realizzazione di un tale progetto non \u00e8 possibile senza finanziamenti sicuri. Trovare donatori e sostenitori in anticipo \u00e8 quindi particolarmente importante.<br><strong>Soluzione<\/strong><br>Affinch\u00e9 si possano trovare donazioni, i benefici del progetto devono essere chiaramente dimostrati. Devono inoltre essere disponibili un piano di attuazione dettagliato e un obiettivo chiaro. I passi precedenti significano che nulla ostacola la stesura dei documenti pertinenti.<\/li>\n<\/ol>\n\n\n\n<hr class=\"wp-block-separator has-alpha-channel-opacity\"\/>\n\n\n\n<h2 class=\"wp-block-heading\">Conclusione<\/h2>\n\n\n\n<p>L'educazione digitale \u00e8 la chiave per la partecipazione sociale e professionale, ma molte persone che vivono in povert\u00e0 non hanno accesso alle attrezzature e alle competenze necessarie. Sebbene programmi come i laboratori scolastici Wir lernen weiter stiano iniziando a colmare le lacune, progetti falliti come la wLw Academy dimostrano quanto gli ostacoli strutturali ostacolino fortemente lo sviluppo. In particolare, il federalismo e la mancanza di consapevolezza del problema rendono difficile trovare una soluzione a livello nazionale.<\/p>\n\n\n\n<p>Allo stesso tempo, \u00e8 chiaro che la domanda \u00e8 elevata e il potenziale \u00e8 enorme. Per ottenere un impatto a lungo termine sono necessari sforzi coordinati, finanziamenti sostenibili e approcci coraggiosi che facciano finalmente dell'inclusione digitale una priorit\u00e0.<\/p>\n\n\n\n<p>Tuttavia, con una buona preparazione, una strategia mirata e un pizzico di fortuna, la realizzazione di tale soluzione \u00e8 sicuramente possibile. Una cosa \u00e8 chiara in ogni caso: Wir lernen weiter non si arrende.<\/p>\n\n\n\n<figure class=\"wp-block-image size-full\"><img decoding=\"async\" width=\"964\" height=\"273\" src=\"https:\/\/wir-lernen-weiter.ch\/wp-content\/uploads\/2025\/04\/grafik-6.png\" alt=\"\" class=\"wp-image-5626\" srcset=\"https:\/\/wir-lernen-weiter.ch\/wp-content\/uploads\/2025\/04\/grafik-6.png 964w, https:\/\/wir-lernen-weiter.ch\/wp-content\/uploads\/2025\/04\/grafik-6-300x85.png 300w, https:\/\/wir-lernen-weiter.ch\/wp-content\/uploads\/2025\/04\/grafik-6-768x217.png 768w, https:\/\/wir-lernen-weiter.ch\/wp-content\/uploads\/2025\/04\/grafik-6-50x14.png 50w, https:\/\/wir-lernen-weiter.ch\/wp-content\/uploads\/2025\/04\/grafik-6-18x5.png 18w\" sizes=\"(max-width: 964px) 100vw, 964px\" \/><\/figure>","protected":false},"excerpt":{"rendered":"<p>Situazione iniziale Nel XXI secolo, le competenze digitali non sono pi\u00f9 un \"nice-to-have\", ma un prerequisito fondamentale per la partecipazione sociale, le prospettive di carriera e una vita autodeterminata. Tuttavia, esse rappresentano una sfida particolare per le persone in situazioni di svantaggio sociale, non perch\u00e9 non ne abbiano il potenziale, ma perch\u00e9 spesso non hanno accesso ai dispositivi e ai programmi educativi necessari. Le competenze digitali...<\/p>","protected":false},"author":15,"comment_status":"closed","ping_status":"closed","template":"","format":"standard","meta":{"iawp_total_views":6,"footnotes":""},"ht-kb-category":[90],"ht-kb-tag":[],"class_list":["post-5619","ht_kb","type-ht_kb","status-publish","format-standard","hentry","ht_kb_category-whitepapers"],"_links":{"self":[{"href":"https:\/\/wir-lernen-weiter.ch\/it\/wp-json\/wp\/v2\/ht-kb\/5619","targetHints":{"allow":["GET"]}}],"collection":[{"href":"https:\/\/wir-lernen-weiter.ch\/it\/wp-json\/wp\/v2\/ht-kb"}],"about":[{"href":"https:\/\/wir-lernen-weiter.ch\/it\/wp-json\/wp\/v2\/types\/ht_kb"}],"author":[{"embeddable":true,"href":"https:\/\/wir-lernen-weiter.ch\/it\/wp-json\/wp\/v2\/users\/15"}],"replies":[{"embeddable":true,"href":"https:\/\/wir-lernen-weiter.ch\/it\/wp-json\/wp\/v2\/comments?post=5619"}],"version-history":[{"count":0,"href":"https:\/\/wir-lernen-weiter.ch\/it\/wp-json\/wp\/v2\/ht-kb\/5619\/revisions"}],"wp:attachment":[{"href":"https:\/\/wir-lernen-weiter.ch\/it\/wp-json\/wp\/v2\/media?parent=5619"}],"wp:term":[{"taxonomy":"ht_kb_category","embeddable":true,"href":"https:\/\/wir-lernen-weiter.ch\/it\/wp-json\/wp\/v2\/ht-kb-category?post=5619"},{"taxonomy":"ht_kb_tag","embeddable":true,"href":"https:\/\/wir-lernen-weiter.ch\/it\/wp-json\/wp\/v2\/ht-kb-tag?post=5619"}],"curies":[{"name":"wp","href":"https:\/\/api.w.org\/{rel}","templated":true}]}}