{"id":3178,"date":"2022-07-18T13:59:30","date_gmt":"2022-07-18T12:59:30","guid":{"rendered":"https:\/\/wir-lernen-weiter.ch\/?post_type=ht_kb&#038;p=3178"},"modified":"2026-04-12T10:02:25","modified_gmt":"2026-04-12T09:02:25","slug":"18-07-2022-5000-laptops-verteilt","status":"publish","type":"ht_kb","link":"https:\/\/wir-lernen-weiter.ch\/it\/knowledge-base\/18-07-2022-5000-laptops-verteilt\/","title":{"rendered":"220719 - Distribuiti 5.000 computer portatili"},"content":{"rendered":"<p class=\"wp-block-ht-blocks-messages wp-block-hb-message wp-block-hb-message--withicon is-style-info\">L'associazione \"Wir lernen weiter\" (in breve wLw) si batte dall'aprile 2020 per garantire che l'accesso al mondo digitale non diventi un privilegio dipendente dal reddito, ma un diritto fondamentale per tutti in Svizzera.<\/p>\n\n\n\n<figure class=\"wp-block-image size-large\"><img decoding=\"async\" width=\"1024\" height=\"683\" src=\"https:\/\/wir-lernen-weiter.ch\/wp-content\/uploads\/2022\/07\/ZF208140-1024x683.jpg\" alt=\"\" class=\"wp-image-3179\" srcset=\"https:\/\/wir-lernen-weiter.ch\/wp-content\/uploads\/2022\/07\/ZF208140-1024x683.jpg 1024w, https:\/\/wir-lernen-weiter.ch\/wp-content\/uploads\/2022\/07\/ZF208140-300x200.jpg 300w, https:\/\/wir-lernen-weiter.ch\/wp-content\/uploads\/2022\/07\/ZF208140-768x512.jpg 768w, https:\/\/wir-lernen-weiter.ch\/wp-content\/uploads\/2022\/07\/ZF208140-50x33.jpg 50w, https:\/\/wir-lernen-weiter.ch\/wp-content\/uploads\/2022\/07\/ZF208140-1536x1024.jpg 1536w, https:\/\/wir-lernen-weiter.ch\/wp-content\/uploads\/2022\/07\/ZF208140-2048x1365.jpg 2048w, https:\/\/wir-lernen-weiter.ch\/wp-content\/uploads\/2022\/07\/ZF208140-18x12.jpg 18w, https:\/\/wir-lernen-weiter.ch\/wp-content\/uploads\/2022\/07\/ZF208140-1200x800.jpg 1200w, https:\/\/wir-lernen-weiter.ch\/wp-content\/uploads\/2022\/07\/ZF208140-1980x1320.jpg 1980w, https:\/\/wir-lernen-weiter.ch\/wp-content\/uploads\/2022\/07\/ZF208140-1320x880.jpg 1320w\" sizes=\"(max-width: 1024px) 100vw, 1024px\" \/><figcaption>L'attuale squadra del piccolo club svizzero<\/figcaption><\/figure>\n\n\n\n<p><strong>Dopo quasi due anni e mezzo di attivit\u00e0, il 18 luglio 2022 l'associazione ha potuto distribuire il 5.000\u00b0 computer portatile a un apprendista in condizioni di povert\u00e0. Tuttavia, il lavoro \u00e8 tutt'altro che finito; solo ora si capisce quanto sia importante il lavoro del piccolo team. Molte prospettive sono gi\u00e0 state create con dispositivi che altrimenti sarebbero finiti tra i rifiuti elettronici.<\/strong><\/p>\n\n\n\n<h4 class=\"wp-block-heading\">Una storia di successo con ulteriori potenzialit\u00e0<\/h4>\n\n\n\n<p>Tobias Sch\u00e4r aveva lanciato la missione dietro wLw il 1\u00b0 aprile 2020. Da allora, molte cose sono cambiate: Il lavoro non \u00e8 pi\u00f9 svolto su base puramente volontaria e sono state create le prime posizioni. L'associazione collabora inoltre con quasi 700 comuni, molti cantoni e altre organizzazioni di assistenza per chiarire le necessit\u00e0 dei richiedenti.<\/p>\n\n\n\n<p>\"Non avrei mai pensato che si sarebbe verificata una crescita cos\u00ec rapida\", afferma Sch\u00e4r. Ha iniziato con un'idea semplice e ora guarda a un'organizzazione che riceve computer portatili ogni giorno, li elabora in modo professionale e poi li spedisce in tutta la Svizzera. \"All'inizio l'attenzione era rivolta agli studenti, ma ogni settimana ci siamo resi conto che l'accesso al mondo digitale \u00e8 negato ad altre persone a causa del loro basso reddito. <\/p>\n\n\n\n<figure class=\"wp-block-image size-large\"><img decoding=\"async\" width=\"1024\" height=\"681\" src=\"https:\/\/wir-lernen-weiter.ch\/wp-content\/uploads\/2022\/07\/DSC_2306-1024x681.jpg\" alt=\"\" class=\"wp-image-3180\" srcset=\"https:\/\/wir-lernen-weiter.ch\/wp-content\/uploads\/2022\/07\/DSC_2306-1024x681.jpg 1024w, https:\/\/wir-lernen-weiter.ch\/wp-content\/uploads\/2022\/07\/DSC_2306-300x200.jpg 300w, https:\/\/wir-lernen-weiter.ch\/wp-content\/uploads\/2022\/07\/DSC_2306-768x511.jpg 768w, https:\/\/wir-lernen-weiter.ch\/wp-content\/uploads\/2022\/07\/DSC_2306-50x33.jpg 50w, https:\/\/wir-lernen-weiter.ch\/wp-content\/uploads\/2022\/07\/DSC_2306-1536x1022.jpg 1536w, https:\/\/wir-lernen-weiter.ch\/wp-content\/uploads\/2022\/07\/DSC_2306-2048x1363.jpg 2048w, https:\/\/wir-lernen-weiter.ch\/wp-content\/uploads\/2022\/07\/DSC_2306-18x12.jpg 18w, https:\/\/wir-lernen-weiter.ch\/wp-content\/uploads\/2022\/07\/DSC_2306-1200x798.jpg 1200w, https:\/\/wir-lernen-weiter.ch\/wp-content\/uploads\/2022\/07\/DSC_2306-1980x1317.jpg 1980w, https:\/\/wir-lernen-weiter.ch\/wp-content\/uploads\/2022\/07\/DSC_2306-1320x878.jpg 1320w\" sizes=\"(max-width: 1024px) 100vw, 1024px\" \/><figcaption>Volontari di wLw durante una campagna di distribuzione a Zurigo<\/figcaption><\/figure>\n\n\n\n<p>Sch\u00e4r afferma che c'\u00e8 ancora molto da fare, perch\u00e9 solo nel 2019\/2020 circa 25% della popolazione svizzera sono stati colpiti o a rischio di povert\u00e0. Senza l'accesso agli strumenti digitali, sarebbe difficile, ad esempio, registrare le domande di assunzione, cercare lavoro o gestire in generale le attivit\u00e0 quotidiane. \"Quando si guardano queste cifre, sappiamo che quello che abbiamo fatto finora \u00e8 solo una goccia nell'oceano\".<\/p>\n\n\n\n<h4 class=\"wp-block-heading\">L'open source \u00e8 ben accolto<\/h4>\n\n\n\n<p>L'associazione vuole anche garantire che non ci siano costi successivi per gli utenti di un computer portatile. Pertanto, il team si affida al cosiddetto software open source, che \u00e8 per lo pi\u00f9 disponibile gratuitamente e offre una gamma di funzioni simile a quella degli strumenti comuni. Ad esempio, Zorin OS \u00e8 utilizzato come sistema operativo su molti dispositivi ed \u00e8 dotato di altri programmi come ONLYOFFICE. <\/p>\n\n\n\n<p>\"Non si dovrebbe pagare 70-80 franchi all'anno quando si possono utilizzare funzionalit\u00e0 simili gratuitamente. In Svizzera siamo un po' viziati e anche il sistema non ci rende le cose facili\". Sch\u00e4r allude qui alle posizioni di monopolio di Microsoft. In molti luoghi, le persone conoscono solo Windows 10\/11 e Office365. \"La gratuit\u00e0 non significa che non serva a nulla: bisogna solo essere disposti a cambiare\". Per gli apprendisti e gli studenti, tuttavia, continueranno a essere offerti i sistemi operativi gi\u00e0 noti, perch\u00e9 in molti luoghi sono considerati assolutamente necessari.<\/p>\n\n\n\n<h4 class=\"wp-block-heading\">Piattaforma eLearning in costruzione<\/h4>\n\n\n\n<p>L'associazione prevede di lanciare nel 2023 una piattaforma di apprendimento online che consentir\u00e0 alle persone di imparare a utilizzare questi programmi open source, oltre a temi generali come la navigazione sicura su Internet, indipendentemente dall'ora e dal luogo, il tutto gratuitamente. \"I computer portatili da soli possono fare molto, ma senza una gestione esperta non sono ancora sufficienti\", afferma il fondatore dell'associazione. L'obiettivo \u00e8 che compiti semplici come la creazione di un CV o di un bilancio familiare possano essere appresi utilizzando contenuti didattici semplici e interattivi. <\/p>\n\n\n\n<p>Attualmente il pilotaggio \u00e8 finanziato dal patrimonio dell'associazione, ma Sch\u00e4r ritiene che questo compito sia svolto anche nell'interesse generale. Ritiene che l'analfabetismo digitale sia un problema molto sottovalutato in Svizzera. Con una maggiore consapevolezza, dovrebbe essere possibile ottenere finanziamenti a medio e lungo termine.<\/p>\n\n\n\n<p>A questo scopo, wLw ha creato una posizione di project management, che sar\u00e0 responsabile dell'implementazione della piattaforma a partire da agosto. \"Fortunatamente, siamo riusciti a reclutare una persona con la giusta esperienza per trasmettere contenuti significativi in semplici fasi di apprendimento\". Attualmente \u00e8 difficile stimare le dimensioni della piattaforma, che dipendono anche dal numero di partner che possono fornire ulteriori contenuti didattici.<\/p>\n\n\n\n<figure class=\"wp-block-image size-large\"><img decoding=\"async\" width=\"1024\" height=\"683\" src=\"https:\/\/wir-lernen-weiter.ch\/wp-content\/uploads\/2022\/07\/FINAL-ZF201393-1024x683.jpg\" alt=\"\" class=\"wp-image-3181\" srcset=\"https:\/\/wir-lernen-weiter.ch\/wp-content\/uploads\/2022\/07\/FINAL-ZF201393-1024x683.jpg 1024w, https:\/\/wir-lernen-weiter.ch\/wp-content\/uploads\/2022\/07\/FINAL-ZF201393-300x200.jpg 300w, https:\/\/wir-lernen-weiter.ch\/wp-content\/uploads\/2022\/07\/FINAL-ZF201393-768x512.jpg 768w, https:\/\/wir-lernen-weiter.ch\/wp-content\/uploads\/2022\/07\/FINAL-ZF201393-50x33.jpg 50w, https:\/\/wir-lernen-weiter.ch\/wp-content\/uploads\/2022\/07\/FINAL-ZF201393-1536x1024.jpg 1536w, https:\/\/wir-lernen-weiter.ch\/wp-content\/uploads\/2022\/07\/FINAL-ZF201393-2048x1366.jpg 2048w, https:\/\/wir-lernen-weiter.ch\/wp-content\/uploads\/2022\/07\/FINAL-ZF201393-18x12.jpg 18w, https:\/\/wir-lernen-weiter.ch\/wp-content\/uploads\/2022\/07\/FINAL-ZF201393-1200x800.jpg 1200w, https:\/\/wir-lernen-weiter.ch\/wp-content\/uploads\/2022\/07\/FINAL-ZF201393-1980x1320.jpg 1980w, https:\/\/wir-lernen-weiter.ch\/wp-content\/uploads\/2022\/07\/FINAL-ZF201393-1320x880.jpg 1320w\" sizes=\"(max-width: 1024px) 100vw, 1024px\" \/><figcaption>Uno sguardo all'interno della stazione di lavorazione dell'associazione (nella foto: Benjamin Br\u00e4ndli)<\/figcaption><\/figure>\n\n\n\n<h4 class=\"wp-block-heading\">Chiusura dei cicli: In modo che tutti vincano<\/h4>\n\n\n\n<p>L'offerta dell'associazione \u00e8 presto spiegata: i partner, come gli uffici comunali di assistenza sociale, possono ordinare un computer portatile pronto per l'uso a fronte di un contributo corrente ai costi di 150 franchi ciascuno. Le richieste sono in costante aumento, ma il team nota che molti partner ordinano computer portatili ma non contribuiscono con le attrezzature. <\/p>\n\n\n\n<p>\"Per 150 franchi, nessun computer portatile verr\u00e0 ripulito, ripristinato e distribuito. Tutti i partner che ci supportano con le vecchie attrezzature potranno beneficiare in futuro di offerte pi\u00f9 interessanti\", afferma Sch\u00e4r. L'obiettivo \u00e8 quello di risvegliare la consapevolezza del riciclo anche nelle piccole comunit\u00e0 e, se poi l'offerta wLw non avr\u00e0 pi\u00f9 bisogno di essere utilizzata, anche tutti i soggetti coinvolti ne trarranno vantaggio. <\/p>\n\n\n\n<figure class=\"wp-block-image size-large\"><img decoding=\"async\" width=\"1024\" height=\"681\" src=\"https:\/\/wir-lernen-weiter.ch\/wp-content\/uploads\/2022\/07\/DSC_2210-1024x681.jpg\" alt=\"\" class=\"wp-image-3187\" srcset=\"https:\/\/wir-lernen-weiter.ch\/wp-content\/uploads\/2022\/07\/DSC_2210-1024x681.jpg 1024w, https:\/\/wir-lernen-weiter.ch\/wp-content\/uploads\/2022\/07\/DSC_2210-300x200.jpg 300w, https:\/\/wir-lernen-weiter.ch\/wp-content\/uploads\/2022\/07\/DSC_2210-768x511.jpg 768w, https:\/\/wir-lernen-weiter.ch\/wp-content\/uploads\/2022\/07\/DSC_2210-50x33.jpg 50w, https:\/\/wir-lernen-weiter.ch\/wp-content\/uploads\/2022\/07\/DSC_2210-1536x1022.jpg 1536w, https:\/\/wir-lernen-weiter.ch\/wp-content\/uploads\/2022\/07\/DSC_2210-2048x1363.jpg 2048w, https:\/\/wir-lernen-weiter.ch\/wp-content\/uploads\/2022\/07\/DSC_2210-18x12.jpg 18w, https:\/\/wir-lernen-weiter.ch\/wp-content\/uploads\/2022\/07\/DSC_2210-1200x798.jpg 1200w, https:\/\/wir-lernen-weiter.ch\/wp-content\/uploads\/2022\/07\/DSC_2210-1980x1317.jpg 1980w, https:\/\/wir-lernen-weiter.ch\/wp-content\/uploads\/2022\/07\/DSC_2210-1320x878.jpg 1320w\" sizes=\"(max-width: 1024px) 100vw, 1024px\" \/><figcaption>C'\u00e8 ancora molto da fare per il team \"Wir lernen weiter\".<\/figcaption><\/figure>\n\n\n\n<p>Grazie a processi di ordinazione semplici, a una comunicazione chiara e a una gamma sempre pi\u00f9 ampia di servizi aggiuntivi gratuiti, il team ottiene risultati particolarmente positivi quando sono necessari acquisti economici e semplici dal punto di vista amministrativo. Anche l'approccio accomodante dell'associazione \u00e8 particolarmente apprezzato: \"Vogliamo distribuire gioia e non frustrazione.<\/p>\n\n\n\n<h4 class=\"wp-block-heading\">Una prospettiva<\/h4>\n\n\n\n<p>La rapida crescita dell'associazione non \u00e8 facile da orchestrare. Nel frattempo, sei persone sono impiegate e numerose altre lavorano su base volontaria. Pertanto, con un team crescente di dipendenti e volontari, diventa sempre pi\u00f9 necessario garantire la leadership e il controllo. Anche la sicurezza finanziaria \u00e8 una questione che riguarda il consiglio di amministrazione e la direzione. <\/p>\n\n\n\n<p>Finora non \u00e8 stato necessario adottare misure per attingere ad altre fonti di finanziamento. All'inizio del progetto, due fondazioni hanno fornito contributi finanziari, ma nel frattempo l'associazione \u00e8 diventata autosufficiente - con 150 franchi per ogni computer portatile distribuito. \"I margini di contribuzione sono ridotti, ma tutti i nostri processi sono scalabili\", afferma Sch\u00e4r. <\/p>\n\n\n\n<p>Ora spediamo tra i 50 e i 75 laptop a settimana; e a volte anche il doppio durante l'alta stagione, da luglio a settembre\". Solo quest'estate sono stati distribuiti circa 500 computer portatili agli apprendisti che non possono permettersi le attrezzature di base. <\/p>\n\n\n\n<figure class=\"wp-block-image size-large\"><img decoding=\"async\" width=\"1024\" height=\"683\" src=\"https:\/\/wir-lernen-weiter.ch\/wp-content\/uploads\/2022\/07\/FINAL-ZF201345-1024x683.jpg\" alt=\"\" class=\"wp-image-3182\" srcset=\"https:\/\/wir-lernen-weiter.ch\/wp-content\/uploads\/2022\/07\/FINAL-ZF201345-1024x683.jpg 1024w, https:\/\/wir-lernen-weiter.ch\/wp-content\/uploads\/2022\/07\/FINAL-ZF201345-300x200.jpg 300w, https:\/\/wir-lernen-weiter.ch\/wp-content\/uploads\/2022\/07\/FINAL-ZF201345-768x512.jpg 768w, https:\/\/wir-lernen-weiter.ch\/wp-content\/uploads\/2022\/07\/FINAL-ZF201345-50x33.jpg 50w, https:\/\/wir-lernen-weiter.ch\/wp-content\/uploads\/2022\/07\/FINAL-ZF201345-1536x1024.jpg 1536w, https:\/\/wir-lernen-weiter.ch\/wp-content\/uploads\/2022\/07\/FINAL-ZF201345-2048x1366.jpg 2048w, https:\/\/wir-lernen-weiter.ch\/wp-content\/uploads\/2022\/07\/FINAL-ZF201345-18x12.jpg 18w, https:\/\/wir-lernen-weiter.ch\/wp-content\/uploads\/2022\/07\/FINAL-ZF201345-1200x800.jpg 1200w, https:\/\/wir-lernen-weiter.ch\/wp-content\/uploads\/2022\/07\/FINAL-ZF201345-1980x1320.jpg 1980w, https:\/\/wir-lernen-weiter.ch\/wp-content\/uploads\/2022\/07\/FINAL-ZF201345-1320x880.jpg 1320w\" sizes=\"(max-width: 1024px) 100vw, 1024px\" \/><figcaption><strong>f.l.t.r.<\/strong>Benjamin Br\u00e4ndli (responsabile delle operazioni informatiche), Tobias Sch\u00e4r (fondatore e direttore commerciale)<\/figcaption><\/figure>\n\n\n\n<p>Sch\u00e4r \u00e8 fiducioso che l'associazione possa fare ancora molto per tutti coloro che non sono visti nella Svizzera digitale. Il ricondizionamento dei vecchi computer portatili non solo crea prospettive, ma risparmia anche l'ambiente e le casse dell'erario. \"L'industria informatica non \u00e8 esattamente il settore a pi\u00f9 basse emissioni. Per questo \u00e8 ancora pi\u00f9 importante che ognuno di noi si renda conto che, con accorgimenti per lo pi\u00f9 semplici, la maggior parte dei dispositivi pu\u00f2 durare molto pi\u00f9 a lungo di quanto si possa pensare - ed \u00e8 qui che tutti noi possiamo dare una mano!\". <\/p>\n\n\n\n<hr class=\"wp-block-separator has-alpha-channel-opacity\"\/>\n\n\n\n<p class=\"wp-block-ht-blocks-messages wp-block-hb-message wp-block-hb-message--withicon\"><em>Ulteriori link:<\/em><br>- <strong>Sito web:<\/strong> <a rel=\"noreferrer noopener\" href=\"https:\/\/wir-lernen-weiter.ch\/it\/\" target=\"_blank\">https:\/\/wir-lernen-weiter.ch\/<\/a><br>- <strong>wLw-Wiki:<\/strong> <a rel=\"noreferrer noopener\" href=\"https:\/\/wir-lernen-weiter.ch\/it\/wlw-wiki\/\" target=\"_blank\">https:\/\/wir-lernen-weiter.ch\/wlw-wiki\/<\/a><br><br><em>Ultimo comunicato stampa: <br><\/em><a rel=\"noreferrer noopener\" href=\"https:\/\/wir-lernen-weiter.ch\/it\/knowledge-base\/wenn-bildungsbuerokratie-lernende-ausgrenzt\/\" target=\"_blank\">https:\/\/wir-lernen-weiter.ch\/knowledge-base\/wenn-bildungsbuerokratie-lernende-ausgrenzt\/<\/a><\/p>\n\n\n\n<p class=\"wp-block-ht-blocks-messages wp-block-hb-message wp-block-hb-message--withicon is-style-info\"><em>Informazioni sui media:<\/em><br>- <a rel=\"noreferrer noopener\" href=\"mailto:kontakt@wir-lernen-weiter.ch\" target=\"_blank\">kontakt@wir-lernen-weiter.ch<\/a><br>- +41 56 521 30 29<\/p>","protected":false},"excerpt":{"rendered":"<p>Dopo quasi due anni e mezzo di attivit\u00e0, il 18 luglio 2022 l'associazione ha potuto distribuire il 5.000\u00b0 computer portatile a un apprendista in condizioni di povert\u00e0. Tuttavia, il lavoro \u00e8 lungi dall'essere terminato; solo ora diventa chiaro quanto sia importante il lavoro del piccolo team. Molte prospettive sono gi\u00e0 state create con dispositivi che altrimenti sarebbero stati buttati via...<\/p>","protected":false},"author":6,"comment_status":"closed","ping_status":"closed","template":"","format":"standard","meta":{"iawp_total_views":1,"footnotes":""},"ht-kb-category":[48],"ht-kb-tag":[],"class_list":["post-3178","ht_kb","type-ht_kb","status-publish","format-standard","hentry","ht_kb_category-blogs"],"_links":{"self":[{"href":"https:\/\/wir-lernen-weiter.ch\/it\/wp-json\/wp\/v2\/ht-kb\/3178","targetHints":{"allow":["GET"]}}],"collection":[{"href":"https:\/\/wir-lernen-weiter.ch\/it\/wp-json\/wp\/v2\/ht-kb"}],"about":[{"href":"https:\/\/wir-lernen-weiter.ch\/it\/wp-json\/wp\/v2\/types\/ht_kb"}],"author":[{"embeddable":true,"href":"https:\/\/wir-lernen-weiter.ch\/it\/wp-json\/wp\/v2\/users\/6"}],"replies":[{"embeddable":true,"href":"https:\/\/wir-lernen-weiter.ch\/it\/wp-json\/wp\/v2\/comments?post=3178"}],"version-history":[{"count":0,"href":"https:\/\/wir-lernen-weiter.ch\/it\/wp-json\/wp\/v2\/ht-kb\/3178\/revisions"}],"wp:attachment":[{"href":"https:\/\/wir-lernen-weiter.ch\/it\/wp-json\/wp\/v2\/media?parent=3178"}],"wp:term":[{"taxonomy":"ht_kb_category","embeddable":true,"href":"https:\/\/wir-lernen-weiter.ch\/it\/wp-json\/wp\/v2\/ht-kb-category?post=3178"},{"taxonomy":"ht_kb_tag","embeddable":true,"href":"https:\/\/wir-lernen-weiter.ch\/it\/wp-json\/wp\/v2\/ht-kb-tag?post=3178"}],"curies":[{"name":"wp","href":"https:\/\/api.w.org\/{rel}","templated":true}]}}