{"id":2938,"date":"2022-07-05T09:41:33","date_gmt":"2022-07-05T08:41:33","guid":{"rendered":"https:\/\/wir-lernen-weiter.ch\/?post_type=ht_kb&#038;p=2938"},"modified":"2026-04-13T21:27:06","modified_gmt":"2026-04-13T20:27:06","slug":"haeufig-gestellte-fragen","status":"publish","type":"ht_kb","link":"https:\/\/wir-lernen-weiter.ch\/it\/knowledge-base\/haeufig-gestellte-fragen\/","title":{"rendered":"Domande frequenti"},"content":{"rendered":"<p class=\"wp-block-ht-blocks-messages wp-block-hb-message wp-block-hb-message--withicon is-style-alert\"><strong>\ud83e\udd37 Domande frequenti<\/strong><br><br>Ecco un elenco di domande che riceviamo continuamente. Forse la vostra \u00e8 gi\u00e0 inclusa?<br><\/p>\n\n\n\n<hr class=\"wp-block-separator has-alpha-channel-opacity\"\/>\n\n\n\n<h2 class=\"wp-block-heading\">Domande generali<\/h2>\n\n\n\n<div class=\"wp-block-ht-blocks-accordion wp-block-hb-accordion\"><div class=\"wp-block-hb-accordion__section\" data-ht-blocks-accordion-block-state=\"closed\"><div class=\"wp-block-hb-accordion__title\"><span>Chi pu\u00f2 diventare socio?<\/span><\/div><div class=\"wp-block-hb-accordion__content\"><div class=\"wp-block-hb-accordion__contentwrap\">In linea di principio, tutte le organizzazioni che lavorano con persone che vivono in povert\u00e0 possono diventare nostri partner.<br><br>I nostri partner devono essere in grado di garantire che il servizio sia offerto solo alle persone che vivono in condizioni di povert\u00e0.<\/div><\/div><\/div><div class=\"wp-block-hb-accordion__section\" data-ht-blocks-accordion-block-state=\"closed\"><div class=\"wp-block-hb-accordion__title\"><span>Per chi possono essere ordinati i dispositivi?<\/span><\/div><div class=\"wp-block-hb-accordion__content\"><div class=\"wp-block-hb-accordion__contentwrap\"><strong>Assistenza sociale<\/strong><br><br>Persone che ricevono assistenza sociale economica o prestazioni complementari da un ufficio di assistenza sociale comunale, regionale o cantonale o dai servizi sociali.<br><br><strong>Migrazione \/ Asilo<\/strong><br><br>Persone che si trovano in un processo di asilo o di migrazione attivo. Gli uffici cantonali o altre organizzazioni responsabili del mandato di integrazione ne sono responsabili.<br><br><br><strong>Poveri lavoratori<\/strong><br><br>Tutte le altre persone, ad esempio le famiglie che vivono appena al di sopra del livello di sussistenza o che rinunciano deliberatamente alle prestazioni sociali. In questo caso collaboriamo con diverse organizzazioni umanitarie.<br><br><\/div><\/div><\/div><div class=\"wp-block-hb-accordion__section\" data-ht-blocks-accordion-block-state=\"closed\"><div class=\"wp-block-hb-accordion__title\"><span>Anche i privati possono ordinare direttamente?<\/span><\/div><div class=\"wp-block-hb-accordion__content\"><div class=\"wp-block-hb-accordion__contentwrap\">No: gli ordini vengono effettuati solo tramite i partner<br><br>Le richieste provenienti da privati vengono gestite solo da noi. In questi messaggi si chiede ai richiedenti di contattare l'ufficio competente per ottenere un computer portatile.<\/div><\/div><\/div><div class=\"wp-block-hb-accordion__section\" data-ht-blocks-accordion-block-state=\"closed\"><div class=\"wp-block-hb-accordion__title\"><span>Quanto costa un computer portatile?<\/span><\/div><div class=\"wp-block-hb-accordion__content\"><div class=\"wp-block-hb-accordion__contentwrap\"><br>\u00c8 previsto un costo una tantum per ogni portatile. <br><br><a href=\"https:\/\/wir-lernen-weiter.ch\/it\/knowledge-base\/unkostenbeitraege\/\" data-type=\"ht_kb\" data-id=\"3076\"><strong>Pi\u00f9 informazioni<\/strong><\/a><\/div><\/div><\/div><div class=\"wp-block-hb-accordion__section\" data-ht-blocks-accordion-block-state=\"closed\"><div class=\"wp-block-hb-accordion__title\"><span>Chi paga questo importo? <\/span><\/div><div class=\"wp-block-hb-accordion__content\"><div class=\"wp-block-hb-accordion__contentwrap\">Emettiamo le fatture direttamente ai nostri partner, che sono anche responsabili del pagamento.<br><br>Se i beneficiari pagano da soli una parte o la totalit\u00e0 delle spese, si consiglia di farlo in anticipo. <\/div><\/div><\/div><\/div>\n\n\n\n<hr class=\"wp-block-separator has-alpha-channel-opacity\"\/>\n\n\n\n<h2 class=\"wp-block-heading\">Inserimento dell'ordine<\/h2>\n\n\n\n<div class=\"wp-block-ht-blocks-accordion wp-block-hb-accordion\"><div class=\"wp-block-hb-accordion__section\" data-ht-blocks-accordion-block-state=\"closed\"><div class=\"wp-block-hb-accordion__title\"><span>Come si possono ordinare i computer portatili?<\/span><\/div><div class=\"wp-block-hb-accordion__content\"><div class=\"wp-block-hb-accordion__contentwrap\">Gli ordini possono essere effettuati tramite il Partner Service Desk.<br><br>Vi forniremo i dati di accesso non appena avremo ricevuto l'accordo di partenariato firmato.<br><br><a href=\"https:\/\/wir-lernen-weiter.ch\/it\/knowledge-base\/laptops-bestellen\/\" data-type=\"ht_kb\" data-id=\"2944\"><strong>Istruzioni per l'inserimento dell'ordine<\/strong><\/a><\/div><\/div><\/div><div class=\"wp-block-hb-accordion__section\" data-ht-blocks-accordion-block-state=\"closed\"><div class=\"wp-block-hb-accordion__title\"><span>Cosa bisogna considerare al momento dell'ordine?<\/span><\/div><div class=\"wp-block-hb-accordion__content\"><div class=\"wp-block-hb-accordion__contentwrap\">\u00c8 importante che la situazione del destinatario sia descritta correttamente: In particolare, se un dispositivo \u00e8 destinato alla formazione o meno. <br><br>In caso di formazione, \u00e8 importante ricevere anche i relativi requisiti, se ce ne sono. La nostra organizzazione non pu\u00f2 essere ritenuta responsabile se un dispositivo non \u00e8 adatto perch\u00e9 non ci \u00e8 stata inviata alcuna documentazione.<br><\/div><\/div><\/div><div class=\"wp-block-hb-accordion__section\" data-ht-blocks-accordion-block-state=\"closed\"><div class=\"wp-block-hb-accordion__title\"><span>In quanto tempo vengono consegnati i dispositivi?<\/span><\/div><div class=\"wp-block-hb-accordion__content\"><div class=\"wp-block-hb-accordion__contentwrap\">Inviamo pacchi ogni quindici giorni. <br><br>I tempi di consegna possono quindi variare da pochi giorni a un massimo di tre settimane, a seconda del momento in cui viene effettuato l'ordine.<br><br>Se mancano informazioni al momento dell'ordine (ad esempio, la conferma della formazione per gli apprendisti), la consegna pu\u00f2 subire ritardi. <\/div><\/div><\/div><div class=\"wp-block-hb-accordion__section\" data-ht-blocks-accordion-block-state=\"closed\"><div class=\"wp-block-hb-accordion__title\"><span>Come viene emessa la fattura?<\/span><\/div><div class=\"wp-block-hb-accordion__content\"><div class=\"wp-block-hb-accordion__contentwrap\">La fattura viene emessa direttamente al partner via e-mail una settimana dopo la spedizione del dispositivo.<br><br>Di norma emettiamo una fattura per ogni ordine. Se sono necessari pi\u00f9 dispositivi e fatture separate, gli ordini devono essere inseriti separatamente.<\/div><\/div><\/div><\/div>\n\n\n\n<hr class=\"wp-block-separator has-alpha-channel-opacity\"\/>\n\n\n\n<h2 class=\"wp-block-heading\">Dopo la consegna<\/h2>\n\n\n\n<div class=\"wp-block-ht-blocks-accordion wp-block-hb-accordion\"><div class=\"wp-block-hb-accordion__section\" data-ht-blocks-accordion-block-state=\"closed\"><div class=\"wp-block-hb-accordion__title\"><span>Cosa \u00e8 incluso nell'ordine?<\/span><\/div><div class=\"wp-block-hb-accordion__content\"><div class=\"wp-block-hb-accordion__contentwrap\">Un computer portatile pronto all'uso e un cavo di ricarica adeguato. Inoltre, ogni portatile viene fornito con un volantino di aiuto che rimanda al nostro portale di assistenza. <\/div><\/div><\/div><div class=\"wp-block-hb-accordion__section\" data-ht-blocks-accordion-block-state=\"closed\"><div class=\"wp-block-hb-accordion__title\"><span>Esiste una garanzia?<\/span><\/div><div class=\"wp-block-hb-accordion__content\"><div class=\"wp-block-hb-accordion__contentwrap\">S\u00ec: wLw garantisce anche molto.<br><br>Tutte le condizioni di garanzia sono disponibili qui: <a href=\"https:\/\/wir-lernen-weiter.ch\/it\/knowledge-base\/garantie\/\" data-type=\"ht_kb\" data-id=\"3125\"><strong>Garanzia<\/strong><\/a><br><br>Importante: i problemi devono essere segnalati immediatamente.<\/div><\/div><\/div><div class=\"wp-block-hb-accordion__section\" data-ht-blocks-accordion-block-state=\"closed\"><div class=\"wp-block-hb-accordion__title\"><span>wLw fornisce assistenza ai destinatari?<\/span><\/div><div class=\"wp-block-hb-accordion__content\"><div class=\"wp-block-hb-accordion__contentwrap\">S\u00ec: e in modi diversi<br><br>La nostra pagina di aiuto mostra molto rapidamente dove \u00e8 possibile ottenere aiuto da noi. Il nostro supporto Whatsapp \u00e8 particolarmente popolare e possiamo aiutare in modo estremamente rapido.<br><br><a href=\"https:\/\/wir-lernen-weiter.ch\/it\/hilfe\/\" data-type=\"page\" data-id=\"1445\"><strong>Pagina di aiuto<\/strong><\/a><\/div><\/div><\/div><\/div>\n\n\n\n<hr class=\"wp-block-separator has-alpha-channel-opacity\"\/>\n\n\n\n<hr class=\"wp-block-separator has-alpha-channel-opacity\"\/>\n\n\n\n<p class=\"wp-block-ht-blocks-messages wp-block-hb-message wp-block-hb-message--withicon is-style-info\"><strong>\u2049\ufe0f Ci sono altre domande?<\/strong><br><br>Non esitate a inviarci un'e-mail!<br><br><a href=\"mailto:kontakt@wir-lernen-weiter.ch?subject=Partnerschaftsfragen\"><strong>Scrivere la posta<\/strong><\/a><\/p>","protected":false},"excerpt":{"rendered":"<p>Generelle Fragen Bestellerfassung Nach der Auslieferung<\/p>","protected":false},"author":6,"comment_status":"closed","ping_status":"closed","template":"","format":"standard","meta":{"iawp_total_views":16,"footnotes":""},"ht-kb-category":[47],"ht-kb-tag":[],"class_list":["post-2938","ht_kb","type-ht_kb","status-publish","format-standard","hentry","ht_kb_category-partnerschaften"],"_links":{"self":[{"href":"https:\/\/wir-lernen-weiter.ch\/it\/wp-json\/wp\/v2\/ht-kb\/2938","targetHints":{"allow":["GET"]}}],"collection":[{"href":"https:\/\/wir-lernen-weiter.ch\/it\/wp-json\/wp\/v2\/ht-kb"}],"about":[{"href":"https:\/\/wir-lernen-weiter.ch\/it\/wp-json\/wp\/v2\/types\/ht_kb"}],"author":[{"embeddable":true,"href":"https:\/\/wir-lernen-weiter.ch\/it\/wp-json\/wp\/v2\/users\/6"}],"replies":[{"embeddable":true,"href":"https:\/\/wir-lernen-weiter.ch\/it\/wp-json\/wp\/v2\/comments?post=2938"}],"version-history":[{"count":0,"href":"https:\/\/wir-lernen-weiter.ch\/it\/wp-json\/wp\/v2\/ht-kb\/2938\/revisions"}],"wp:attachment":[{"href":"https:\/\/wir-lernen-weiter.ch\/it\/wp-json\/wp\/v2\/media?parent=2938"}],"wp:term":[{"taxonomy":"ht_kb_category","embeddable":true,"href":"https:\/\/wir-lernen-weiter.ch\/it\/wp-json\/wp\/v2\/ht-kb-category?post=2938"},{"taxonomy":"ht_kb_tag","embeddable":true,"href":"https:\/\/wir-lernen-weiter.ch\/it\/wp-json\/wp\/v2\/ht-kb-tag?post=2938"}],"curies":[{"name":"wp","href":"https:\/\/api.w.org\/{rel}","templated":true}]}}