{"id":5628,"date":"2025-04-22T14:03:10","date_gmt":"2025-04-22T13:03:10","guid":{"rendered":"https:\/\/wir-lernen-weiter.ch\/?post_type=ht_kb&#038;p=5628"},"modified":"2026-04-13T21:26:08","modified_gmt":"2026-04-13T20:26:08","slug":"nachhaltigkeit-durch-refurbishment","status":"publish","type":"ht_kb","link":"https:\/\/wir-lernen-weiter.ch\/fr\/knowledge-base\/nachhaltigkeit-durch-refurbishment\/","title":{"rendered":"La durabilit\u00e9 gr\u00e2ce \u00e0 la remise \u00e0 neuf"},"content":{"rendered":"<h2 class=\"wp-block-heading\">Situation de d\u00e9part<\/h2>\n\n\n\n<p><strong>Le probl\u00e8me des d\u00e9chets \u00e9lectroniques ne cesse de cro\u00eetre dans le monde entier - des millions d'appareils en \u00e9tat de marche finissent chaque ann\u00e9e \u00e0 la poubelle. Parall\u00e8lement, la num\u00e9risation progresse inexorablement, mais tout le monde n'a pas le m\u00eame acc\u00e8s \u00e0 la technologie moderne. Les groupes socialement d\u00e9favoris\u00e9s, notamment les personnes \u00e0 faible revenu ou les personnes \u00e2g\u00e9es, sont souvent exclus de la participation num\u00e9rique. Le recyclage des ordinateurs portables usag\u00e9s, combin\u00e9 \u00e0 une distribution cibl\u00e9e aux Suisses touch\u00e9s par la pauvret\u00e9, est une solution qui allie durabilit\u00e9 \u00e9cologique et responsabilit\u00e9 sociale.<\/strong><\/p>\n\n\n\n<hr class=\"wp-block-separator has-alpha-channel-opacity\"\/>\n\n\n\n<p class=\"has-large-font-size\"><strong>Les d\u00e9chets \u00e9lectroniques : un probl\u00e8me mondial<\/strong><\/p>\n\n\n\n<p>Chaque ann\u00e9e, plus de 50 millions de tonnes de d\u00e9chets \u00e9lectroniques sont produits dans le monde, dont seule une fraction est recycl\u00e9e correctement. Les anciens ordinateurs portables contiennent des mati\u00e8res premi\u00e8res pr\u00e9cieuses telles que l'or, l'argent, le cuivre et les terres rares, dont l'extraction est nuisible \u00e0 l'environnement. Lorsque des appareils en \u00e9tat de marche sont jet\u00e9s \u00e0 la h\u00e2te, non seulement des d\u00e9chets inutiles sont produits, mais de pr\u00e9cieuses ressources sont \u00e9galement gaspill\u00e9es.<\/p>\n\n\n\n<hr class=\"wp-block-separator has-alpha-channel-opacity\"\/>\n\n\n\n<p class=\"has-large-font-size\"><strong>Prolonger la dur\u00e9e de vie<\/strong><\/p>\n\n\n\n<p>La remise \u00e0 neuf des ordinateurs portables usag\u00e9s contribue consid\u00e9rablement \u00e0 la r\u00e9duction des d\u00e9chets \u00e9lectroniques. Au lieu d'\u00eatre retir\u00e9s pr\u00e9matur\u00e9ment de la circulation, les appareils sont nettoy\u00e9s, r\u00e9par\u00e9s et reconditionn\u00e9s. La dur\u00e9e de vie des appareils est ainsi prolong\u00e9e de plusieurs ann\u00e9es. Ce processus permet d'\u00e9conomiser des mati\u00e8res premi\u00e8res et de l'\u00e9nergie qui seraient autrement n\u00e9cessaires \u00e0 la production de nouveau mat\u00e9riel informatique.<\/p>\n\n\n\n<p><strong>Avantages du retraitement :<\/strong><\/p>\n\n\n\n<ul class=\"wp-block-list\">\n<li><strong>R\u00e9duction de la pollution<\/strong> en r\u00e9duisant les d\u00e9chets \u00e9lectroniques<\/li>\n\n\n\n<li><strong>Pr\u00e9servation de mati\u00e8res premi\u00e8res pr\u00e9cieuses<\/strong> en r\u00e9utilisant des mat\u00e9riaux existants<\/li>\n\n\n\n<li><strong>\u00c9conomie d'\u00e9nergie<\/strong> en \u00e9vitant de nouveaux processus de production<\/li>\n<\/ul>\n\n\n\n<figure class=\"wp-block-image size-full is-resized\"><img decoding=\"async\" width=\"572\" height=\"277\" src=\"https:\/\/wir-lernen-weiter.ch\/wp-content\/uploads\/2025\/04\/grafik-7.png\" alt=\"\" class=\"wp-image-5630\" style=\"width:800px;height:auto\" srcset=\"https:\/\/wir-lernen-weiter.ch\/wp-content\/uploads\/2025\/04\/grafik-7.png 572w, https:\/\/wir-lernen-weiter.ch\/wp-content\/uploads\/2025\/04\/grafik-7-300x145.png 300w, https:\/\/wir-lernen-weiter.ch\/wp-content\/uploads\/2025\/04\/grafik-7-50x24.png 50w, https:\/\/wir-lernen-weiter.ch\/wp-content\/uploads\/2025\/04\/grafik-7-18x9.png 18w\" sizes=\"(max-width: 572px) 100vw, 572px\" \/><\/figure>\n\n\n\n<hr class=\"wp-block-separator has-alpha-channel-opacity\"\/>\n\n\n\n<h2 class=\"wp-block-heading\"><strong>D\u00e9fis pour l'agriculture biologique<\/strong><\/h2>\n\n\n\n<p class=\"has-large-font-size\"><strong>Les courtiers : Concurrence indirecte<\/strong><\/p>\n\n\n\n<p>Jusqu'\u00e0 pr\u00e9sent, les entreprises utilisent g\u00e9n\u00e9ralement les offres de courtiers pour reconditionner leurs ordinateurs portables usag\u00e9s et les transmettre \u00e0 des acheteurs. Elles contribuent ainsi \u00e0 la r\u00e9duction des d\u00e9chets \u00e9lectroniques et favorisent l'acc\u00e8s \u00e0 une technologie abordable. Toutefois, l'interm\u00e9diation via les courtiers pr\u00e9sente \u00e9galement des inconv\u00e9nients : les co\u00fbts \u00e9lev\u00e9s de remise en \u00e9tat et de revente r\u00e9duisent l'attractivit\u00e9 de l'offre. De m\u00eame, les co\u00fbts \u00e9lev\u00e9s font grimper le prix d'achat pour les clients finaux. Enfin, ce processus n'a gu\u00e8re d'utilit\u00e9 sociale.<\/p>\n\n\n\n<p class=\"has-large-font-size\"><strong>Compl\u00e9ter le mod\u00e8le de courtier par l'inclusion num\u00e9rique<\/strong><\/p>\n\n\n\n<p>Dans une soci\u00e9t\u00e9 de plus en plus num\u00e9rique, l'acc\u00e8s aux \u00e9quipements informatiques est essentiel pour l'\u00e9ducation, la recherche d'emploi et la participation sociale. Or, de nombreux m\u00e9nages \u00e0 faibles revenus ne peuvent pas se permettre d'acheter leur propre ordinateur portable. C'est l\u00e0 que l'association Wir lernen weiter intervient en fournissant aux personnes d\u00e9favoris\u00e9es des appareils reconditionn\u00e9s \u00e0 bas prix.<\/p>\n\n\n\n<p>Le reconditionnement des ordinateurs portables par Wir lernen weiter est gratuit et d\u00e9ductible des imp\u00f4ts en tant que don en nature. En faisant un don \u00e0 Wir lernen weiter, les entreprises peuvent donc \u00e9conomiser les frais de reconditionnement et de destruction des donn\u00e9es tout en contribuant \u00e0 renforcer la soci\u00e9t\u00e9 en donnant une utilit\u00e9 sociale \u00e0 leurs anciens appareils.<\/p>\n\n\n\n<p>Avantage social du don \u00e0 Wir lernen weiter :<\/p>\n\n\n\n<ul class=\"wp-block-list\">\n<li><strong>Am\u00e9liorer les chances de formation<\/strong> en les distribuant aux \u00e9l\u00e8ves et aux \u00e9tudiants, qui ont ainsi acc\u00e8s \u00e0 des plates-formes d'apprentissage num\u00e9riques.<\/li>\n\n\n\n<li><strong>Augmenter les chances sur le march\u00e9 du travail<\/strong> en les remettant \u00e0 des personnes sans emploi, qui peuvent ainsi r\u00e9diger des candidatures et participer \u00e0 des formations en ligne.<\/li>\n\n\n\n<li><strong>Renforcer l'int\u00e9gration sociale<\/strong> en facilitant la communication avec les administrations, la famille et les r\u00e9seaux de soutien pour toutes les personnes en situation de pauvret\u00e9.<\/li>\n<\/ul>\n\n\n\n<p><\/p>\n\n\n\n<p class=\"has-large-font-size\"><strong>Manque de sensibilisation des donneurs potentiels<\/strong><\/p>\n\n\n\n<p>Le manque de sensibilisation \u00e0 l'offre dans les entreprises constitue un obstacle dans la mesure o\u00f9 Wir lernen weiter est tributaire des dons d'appareils. Si l'association veut pouvoir approvisionner toute la Suisse, elle doit disposer d'un stock d'appareils suffisant.<br>Malgr\u00e9 le fait que toutes les informations pertinentes soient d\u00e9j\u00e0 disponibles, de nombreuses entreprises ne connaissent pas encore suffisamment les avantages d'un don \u00e0 wLw. Ce manque de notori\u00e9t\u00e9 emp\u00eache l'association de d\u00e9ployer pleinement les effets de son concept.<\/p>\n\n\n\n<p class=\"has-large-font-size\"><strong>Nouveau concept et davantage de ressources<\/strong><\/p>\n\n\n\n<p>Pour rem\u00e9dier \u00e0 ce probl\u00e8me, le concept de base de Wir lernen weiter est revu. L'accent sera d\u00e9sormais mis sur l'optimisation de la port\u00e9e et la convivialit\u00e9 des processus de commande et d'exp\u00e9dition. Ainsi, \u00e0 l'avenir, les commandes pourront \u00eatre pass\u00e9es directement par les particuliers. Ainsi, non seulement notre offre sera disponible dans toute la Suisse sans \u00eatre limit\u00e9e par le f\u00e9d\u00e9ralisme, mais le potentiel dans le domaine du r\u00e9seautage et de l'acquisition sera maximis\u00e9.<\/p>\n\n\n\n<p><strong>Avantages de la nouvelle conception :<\/strong><\/p>\n\n\n\n<ul class=\"wp-block-list\">\n<li><strong>Cr\u00e9er des ressources <\/strong>en all\u00e9geant la charge de travail de la direction et en engageant un business developer.<\/li>\n\n\n\n<li><strong>Optimiser les offres <\/strong>en mettant en avant les avantages d'un don \u00e0 Wir lernen weiter et en en faisant la promotion de mani\u00e8re cibl\u00e9e.<\/li>\n\n\n\n<li><strong>Am\u00e9liorer la prospection<\/strong> par l'examen des processus existants et l'adaptation ou l'augmentation des mesures, ainsi que par une pr\u00e9sence accrue lors de divers \u00e9v\u00e9nements.<\/li>\n<\/ul>\n\n\n\n<p>Ces adaptations optimisent non seulement la notori\u00e9t\u00e9, mais augmentent \u00e9galement l'efficacit\u00e9. Vous trouverez plus de d\u00e9tails sur ce processus dans le livre blanc \"Inclusion num\u00e9rique et \u00e9galit\u00e9 des chances\".<\/p>\n\n\n\n<figure class=\"wp-block-image size-full\"><img decoding=\"async\" width=\"965\" height=\"466\" src=\"https:\/\/wir-lernen-weiter.ch\/wp-content\/uploads\/2025\/04\/grafik-11.png\" alt=\"\" class=\"wp-image-5634\" srcset=\"https:\/\/wir-lernen-weiter.ch\/wp-content\/uploads\/2025\/04\/grafik-11.png 965w, https:\/\/wir-lernen-weiter.ch\/wp-content\/uploads\/2025\/04\/grafik-11-300x145.png 300w, https:\/\/wir-lernen-weiter.ch\/wp-content\/uploads\/2025\/04\/grafik-11-768x371.png 768w, https:\/\/wir-lernen-weiter.ch\/wp-content\/uploads\/2025\/04\/grafik-11-50x24.png 50w, https:\/\/wir-lernen-weiter.ch\/wp-content\/uploads\/2025\/04\/grafik-11-18x9.png 18w\" sizes=\"(max-width: 965px) 100vw, 965px\" \/><\/figure>\n\n\n\n<hr class=\"wp-block-separator has-alpha-channel-opacity\"\/>\n\n\n\n<p class=\"has-large-font-size\"><strong>Acquisition de donateurs au niveau financier<\/strong><\/p>\n\n\n\n<p><strong>Financement autosuffisant<\/strong><\/p>\n\n\n\n<p>Jusqu'\u00e0 pr\u00e9sent, l'association Wir lernen weiter s'est enti\u00e8rement autofinanc\u00e9e par une contribution aux frais. Ce montant couvre toutes les ressources telles que les pi\u00e8ces de rechange, la location de locaux, l'infrastructure et le personnel. Pour pouvoir continuer \u00e0 utiliser et \u00e0 d\u00e9velopper ces ressources importantes, Wir lernen weiter doit disposer de liquidit\u00e9s en cons\u00e9quence.<\/p>\n\n\n\n<p class=\"has-large-font-size\"><strong>Trouver du soutien<\/strong><\/p>\n\n\n\n<p>Le financement par des fondations, des donateurs priv\u00e9s et des m\u00e9c\u00e8nes est essentiel \u00e0 cet \u00e9gard. Ici aussi, l'obstacle r\u00e9side dans le manque de notori\u00e9t\u00e9 de l'association. Des mesures doivent \u00eatre prises pour d\u00e9velopper cette notori\u00e9t\u00e9.<\/p>\n\n\n\n<figure class=\"wp-block-image size-full\"><img decoding=\"async\" width=\"812\" height=\"504\" src=\"https:\/\/wir-lernen-weiter.ch\/wp-content\/uploads\/2025\/04\/grafik-10.png\" alt=\"\" class=\"wp-image-5633\" srcset=\"https:\/\/wir-lernen-weiter.ch\/wp-content\/uploads\/2025\/04\/grafik-10.png 812w, https:\/\/wir-lernen-weiter.ch\/wp-content\/uploads\/2025\/04\/grafik-10-300x186.png 300w, https:\/\/wir-lernen-weiter.ch\/wp-content\/uploads\/2025\/04\/grafik-10-768x477.png 768w, https:\/\/wir-lernen-weiter.ch\/wp-content\/uploads\/2025\/04\/grafik-10-50x31.png 50w, https:\/\/wir-lernen-weiter.ch\/wp-content\/uploads\/2025\/04\/grafik-10-18x12.png 18w\" sizes=\"(max-width: 812px) 100vw, 812px\" \/><\/figure>\n\n\n\n<hr class=\"wp-block-separator has-alpha-channel-opacity\"\/>\n\n\n\n<h2 class=\"wp-block-heading\">R\u00e9sum\u00e9<\/h2>\n\n\n\n<p>Bien que l'inclusion num\u00e9rique par l'utilisation durable d'ordinateurs portables pr\u00e9sente de nombreux avantages, Wir lernen weiter doit \u00e9galement faire face \u00e0 des d\u00e9fis :<\/p>\n\n\n\n<ol class=\"wp-block-list\">\n<li><strong>Acc\u00e8s au mat\u00e9riel d'occasion<\/strong><br>De nombreuses entreprises se d\u00e9barrassent de leurs anciens ordinateurs portables pour des raisons de protection des donn\u00e9es ou utilisent les offres de brokers. Pour la mise \u00e0 l'\u00e9chelle, wLw d\u00e9pend toutefois des dons d'entreprises.<br><strong>Solution<\/strong><br>Wir lernen weiter propose la destruction gratuite des donn\u00e9es. Pour garantir la protection des donn\u00e9es, wLw \u00e9tablit une piste d'audit et est certifi\u00e9e selon la norme DIN-66399. Ces facteurs doivent faire l'objet d'une meilleure publicit\u00e9.<\/li>\n\n\n\n<li><strong>Manque de sensibilisation \u00e0 l'offre<\/strong><br>Les informations susmentionn\u00e9es sont d\u00e9j\u00e0 \u00e0 la disposition des entreprises. Cependant, la sensibilisation \u00e0 l'offre de wLw est encore faible dans les entreprises.<br><strong>Solution<\/strong><br>Afin d'am\u00e9liorer la port\u00e9e et de simplifier les processus de commande et d'exp\u00e9dition, le concept de base de Wir lernen weiter sera remani\u00e9 (voir le livre blanc \"Inclusion num\u00e9rique et \u00e9galit\u00e9 des chances\"). En outre, le potentiel dans le domaine du r\u00e9seautage et de la prospection sera augment\u00e9, notamment gr\u00e2ce \u00e0 l'embauche d'un d\u00e9veloppeur d'affaires et \u00e0 la d\u00e9charge de la direction.<\/li>\n\n\n\n<li><strong>Financement durable<\/strong><br>De nombreux projets d\u00e9pendent de dons et de subventions pour leur financement, c'est le cas de Wir lernen weiter.<br><strong>Solution<\/strong><br>Le passage \u00e0 un nouveau concept offre diverses possibilit\u00e9s pour des projets cibl\u00e9s qui sont attrayants pour les donateurs potentiels et qui peuvent \u00eatre mieux promus. Il s'agit ainsi de r\u00e9colter des dons cibl\u00e9s qui pourront \u00eatre directement investis dans l'optimisation de l'offre, l'extension \u00e0 toute la Suisse ainsi que la r\u00e9duction des contributions aux frais.<\/li>\n<\/ol>\n\n\n\n<hr class=\"wp-block-separator has-alpha-channel-opacity\"\/>\n\n\n\n<h2 class=\"wp-block-heading\">Conclusion<\/h2>\n\n\n\n<p>Le recyclage des ordinateurs portables usag\u00e9s pr\u00e9sente de nombreux avantages, tant pour l'environnement que pour les personnes socialement d\u00e9favoris\u00e9es. En prolongeant la dur\u00e9e de vie des appareils, on pr\u00e9serve des mati\u00e8res premi\u00e8res pr\u00e9cieuses et on r\u00e9duit l'impact environnemental des d\u00e9chets \u00e9lectroniques.<\/p>\n\n\n\n<p>Par rapport aux mod\u00e8les de courtiers, dont les co\u00fbts sont \u00e9lev\u00e9s, Wir lernen weiter offre une solution plus \u00e9conomique et plus sociale. En fournissant des ordinateurs portables aux m\u00e9nages \u00e0 faibles revenus, elle favorise l'inclusion num\u00e9rique, ce qui est particuli\u00e8rement important dans les domaines de l'\u00e9ducation, de la recherche d'emploi et de la participation sociale.<\/p>\n\n\n\n<p>Les d\u00e9fis tels que l'acc\u00e8s aux appareils et le manque de sensibilisation seront abord\u00e9s par des mesures cibl\u00e9es et une structure optimis\u00e9e afin d'am\u00e9liorer l'\u00e9chelle et l'impact de Wir lernen weiter.<\/p>\n\n\n\n<figure class=\"wp-block-image size-full\"><img decoding=\"async\" width=\"967\" height=\"374\" src=\"https:\/\/wir-lernen-weiter.ch\/wp-content\/uploads\/2025\/04\/grafik-12.png\" alt=\"\" class=\"wp-image-5635\" srcset=\"https:\/\/wir-lernen-weiter.ch\/wp-content\/uploads\/2025\/04\/grafik-12.png 967w, https:\/\/wir-lernen-weiter.ch\/wp-content\/uploads\/2025\/04\/grafik-12-300x116.png 300w, https:\/\/wir-lernen-weiter.ch\/wp-content\/uploads\/2025\/04\/grafik-12-768x297.png 768w, https:\/\/wir-lernen-weiter.ch\/wp-content\/uploads\/2025\/04\/grafik-12-50x19.png 50w, https:\/\/wir-lernen-weiter.ch\/wp-content\/uploads\/2025\/04\/grafik-12-18x7.png 18w\" sizes=\"(max-width: 967px) 100vw, 967px\" \/><\/figure>\n\n\n\n<p><\/p>","protected":false},"excerpt":{"rendered":"<p>Situation initiale Le probl\u00e8me des d\u00e9chets \u00e9lectroniques ne cesse de cro\u00eetre dans le monde entier - des millions d'appareils en \u00e9tat de marche finissent chaque ann\u00e9e \u00e0 la poubelle. Parall\u00e8lement, la num\u00e9risation progresse inexorablement, mais tout le monde n'a pas le m\u00eame acc\u00e8s \u00e0 la technologie moderne. Les groupes socialement d\u00e9favoris\u00e9s, notamment les personnes \u00e0 faible revenu ou les personnes \u00e2g\u00e9es, sont souvent exclus de la participation num\u00e9rique. Le recyclage des ordinateurs portables usag\u00e9s...<\/p>","protected":false},"author":15,"comment_status":"closed","ping_status":"closed","template":"","format":"standard","meta":{"iawp_total_views":1,"footnotes":""},"ht-kb-category":[90],"ht-kb-tag":[],"class_list":["post-5628","ht_kb","type-ht_kb","status-publish","format-standard","hentry","ht_kb_category-whitepapers"],"_links":{"self":[{"href":"https:\/\/wir-lernen-weiter.ch\/fr\/wp-json\/wp\/v2\/ht-kb\/5628","targetHints":{"allow":["GET"]}}],"collection":[{"href":"https:\/\/wir-lernen-weiter.ch\/fr\/wp-json\/wp\/v2\/ht-kb"}],"about":[{"href":"https:\/\/wir-lernen-weiter.ch\/fr\/wp-json\/wp\/v2\/types\/ht_kb"}],"author":[{"embeddable":true,"href":"https:\/\/wir-lernen-weiter.ch\/fr\/wp-json\/wp\/v2\/users\/15"}],"replies":[{"embeddable":true,"href":"https:\/\/wir-lernen-weiter.ch\/fr\/wp-json\/wp\/v2\/comments?post=5628"}],"version-history":[{"count":0,"href":"https:\/\/wir-lernen-weiter.ch\/fr\/wp-json\/wp\/v2\/ht-kb\/5628\/revisions"}],"wp:attachment":[{"href":"https:\/\/wir-lernen-weiter.ch\/fr\/wp-json\/wp\/v2\/media?parent=5628"}],"wp:term":[{"taxonomy":"ht_kb_category","embeddable":true,"href":"https:\/\/wir-lernen-weiter.ch\/fr\/wp-json\/wp\/v2\/ht-kb-category?post=5628"},{"taxonomy":"ht_kb_tag","embeddable":true,"href":"https:\/\/wir-lernen-weiter.ch\/fr\/wp-json\/wp\/v2\/ht-kb-tag?post=5628"}],"curies":[{"name":"wp","href":"https:\/\/api.w.org\/{rel}","templated":true}]}}