{"id":3178,"date":"2022-07-18T13:59:30","date_gmt":"2022-07-18T12:59:30","guid":{"rendered":"https:\/\/wir-lernen-weiter.ch\/?post_type=ht_kb&#038;p=3178"},"modified":"2026-04-12T10:02:25","modified_gmt":"2026-04-12T09:02:25","slug":"18-07-2022-5000-laptops-verteilt","status":"publish","type":"ht_kb","link":"https:\/\/wir-lernen-weiter.ch\/fr\/knowledge-base\/18-07-2022-5000-laptops-verteilt\/","title":{"rendered":"220719 - 5\u2019000 ordinateurs portables distribu\u00e9s"},"content":{"rendered":"<p class=\"wp-block-ht-blocks-messages wp-block-hb-message wp-block-hb-message--withicon is-style-info\">L'association \"Wir lernen weiter\" (en abr\u00e9g\u00e9 wLw) s'engage depuis avril 2020 pour que l'acc\u00e8s au monde num\u00e9rique ne soit pas un privil\u00e8ge li\u00e9 au revenu, mais un droit fondamental pour tous en Suisse.<\/p>\n\n\n\n<figure class=\"wp-block-image size-large\"><img decoding=\"async\" width=\"1024\" height=\"683\" src=\"https:\/\/wir-lernen-weiter.ch\/wp-content\/uploads\/2022\/07\/ZF208140-1024x683.jpg\" alt=\"\" class=\"wp-image-3179\" srcset=\"https:\/\/wir-lernen-weiter.ch\/wp-content\/uploads\/2022\/07\/ZF208140-1024x683.jpg 1024w, https:\/\/wir-lernen-weiter.ch\/wp-content\/uploads\/2022\/07\/ZF208140-300x200.jpg 300w, https:\/\/wir-lernen-weiter.ch\/wp-content\/uploads\/2022\/07\/ZF208140-768x512.jpg 768w, https:\/\/wir-lernen-weiter.ch\/wp-content\/uploads\/2022\/07\/ZF208140-50x33.jpg 50w, https:\/\/wir-lernen-weiter.ch\/wp-content\/uploads\/2022\/07\/ZF208140-1536x1024.jpg 1536w, https:\/\/wir-lernen-weiter.ch\/wp-content\/uploads\/2022\/07\/ZF208140-2048x1365.jpg 2048w, https:\/\/wir-lernen-weiter.ch\/wp-content\/uploads\/2022\/07\/ZF208140-18x12.jpg 18w, https:\/\/wir-lernen-weiter.ch\/wp-content\/uploads\/2022\/07\/ZF208140-1200x800.jpg 1200w, https:\/\/wir-lernen-weiter.ch\/wp-content\/uploads\/2022\/07\/ZF208140-1980x1320.jpg 1980w, https:\/\/wir-lernen-weiter.ch\/wp-content\/uploads\/2022\/07\/ZF208140-1320x880.jpg 1320w\" sizes=\"(max-width: 1024px) 100vw, 1024px\" \/><figcaption>L'\u00e9quipe actuelle de la petite association suisse<\/figcaption><\/figure>\n\n\n\n<p><strong>Apr\u00e8s \u00e0 peine deux ans et demi d'activit\u00e9, l'association a eu le plaisir de distribuer le 18 juillet 2022 le 5'000e ordinateur portable \u00e0 un apprenti touch\u00e9 par la pauvret\u00e9. Mais le travail est loin d'\u00eatre termin\u00e9, c'est seulement maintenant que l'on voit l'importance r\u00e9elle de l'action de la petite \u00e9quipe. De nombreuses perspectives ont d\u00e9j\u00e0 pu \u00eatre cr\u00e9\u00e9es gr\u00e2ce \u00e0 des appareils qui, autrement, auraient fini \u00e0 la casse \u00e9lectronique.<\/strong><\/p>\n\n\n\n<h4 class=\"wp-block-heading\">Une histoire \u00e0 succ\u00e8s qui a encore du potentiel<\/h4>\n\n\n\n<p>Tobias Sch\u00e4r avait lanc\u00e9 la mission derri\u00e8re wLw le 1er avril 2020. Depuis, beaucoup de choses ont chang\u00e9 : Le travail n'est plus uniquement b\u00e9n\u00e9vole et les premiers postes ont \u00e9t\u00e9 cr\u00e9\u00e9s. L'association collabore \u00e9galement avec pr\u00e8s de 700 communes, de nombreux cantons et d'autres \u0153uvres d'entraide afin de clarifier d\u00e9finitivement les besoins des demandeurs.<\/p>\n\n\n\n<p>\"M\u00eame dans mes r\u00eaves les plus fous, je n'aurais jamais pens\u00e9 qu'une croissance aussi rapide se produirait\", explique Sch\u00e4r. Il a commenc\u00e9 par une simple r\u00e9flexion et voit maintenant une organisation qui re\u00e7oit chaque jour des ordinateurs portables, les pr\u00e9pare de mani\u00e8re professionnelle et les envoie ensuite dans toute la Suisse. \"Au d\u00e9but, nous nous sommes concentr\u00e9s sur les \u00e9coliers, mais chaque semaine, nous avons remarqu\u00e9 que d'autres personnes n'avaient pas acc\u00e8s au monde num\u00e9rique en raison de leurs faibles revenus\". <\/p>\n\n\n\n<figure class=\"wp-block-image size-large\"><img decoding=\"async\" width=\"1024\" height=\"681\" src=\"https:\/\/wir-lernen-weiter.ch\/wp-content\/uploads\/2022\/07\/DSC_2306-1024x681.jpg\" alt=\"\" class=\"wp-image-3180\" srcset=\"https:\/\/wir-lernen-weiter.ch\/wp-content\/uploads\/2022\/07\/DSC_2306-1024x681.jpg 1024w, https:\/\/wir-lernen-weiter.ch\/wp-content\/uploads\/2022\/07\/DSC_2306-300x200.jpg 300w, https:\/\/wir-lernen-weiter.ch\/wp-content\/uploads\/2022\/07\/DSC_2306-768x511.jpg 768w, https:\/\/wir-lernen-weiter.ch\/wp-content\/uploads\/2022\/07\/DSC_2306-50x33.jpg 50w, https:\/\/wir-lernen-weiter.ch\/wp-content\/uploads\/2022\/07\/DSC_2306-1536x1022.jpg 1536w, https:\/\/wir-lernen-weiter.ch\/wp-content\/uploads\/2022\/07\/DSC_2306-2048x1363.jpg 2048w, https:\/\/wir-lernen-weiter.ch\/wp-content\/uploads\/2022\/07\/DSC_2306-18x12.jpg 18w, https:\/\/wir-lernen-weiter.ch\/wp-content\/uploads\/2022\/07\/DSC_2306-1200x798.jpg 1200w, https:\/\/wir-lernen-weiter.ch\/wp-content\/uploads\/2022\/07\/DSC_2306-1980x1317.jpg 1980w, https:\/\/wir-lernen-weiter.ch\/wp-content\/uploads\/2022\/07\/DSC_2306-1320x878.jpg 1320w\" sizes=\"(max-width: 1024px) 100vw, 1024px\" \/><figcaption>Des b\u00e9n\u00e9voles de wLw lors d'une action de distribution \u00e0 Zurich<\/figcaption><\/figure>\n\n\n\n<p>Sch\u00e4r estime qu'il y a encore beaucoup \u00e0 faire, car rien que pour les ann\u00e9es 2019\/2020, environ 25% de la population suisse \u00e9tait touch\u00e9e ou menac\u00e9e par la pauvret\u00e9. Sans acc\u00e8s aux outils num\u00e9riques, il serait par exemple difficile d'enregistrer des candidatures, de chercher un emploi ou, plus g\u00e9n\u00e9ralement, de g\u00e9rer les t\u00e2ches quotidiennes. \"Si l'on consid\u00e8re ces chiffres, nous savons que les actions que nous avons men\u00e9es jusqu'\u00e0 pr\u00e9sent ne sont qu'une goutte d'eau dans l'oc\u00e9an\".<\/p>\n\n\n\n<h4 class=\"wp-block-heading\">L'open source est bien accueilli<\/h4>\n\n\n\n<p>L'association souhaite \u00e9galement s'assurer que l'utilisation d'un ordinateur portable n'entra\u00eene pas de frais suppl\u00e9mentaires pour les utilisateurs. L'\u00e9quipe mise donc sur des logiciels dits \"open source\", qui sont g\u00e9n\u00e9ralement disponibles gratuitement et offrent des fonctionnalit\u00e9s similaires \u00e0 celles des outils courants. Ainsi, le syst\u00e8me d'exploitation Zorin OS est utilis\u00e9 sur de nombreux appareils et est compl\u00e9t\u00e9 par d'autres programmes tels que ONLYOFFICE. <\/p>\n\n\n\n<p>\"Il ne faut pas payer 70-80 CHF par an si l'on peut utiliser gratuitement des fonctionnalit\u00e9s similaires. En Suisse, nous sommes ici un peu g\u00e2t\u00e9s et le syst\u00e8me ne nous facilite pas non plus la t\u00e2che\". Sch\u00e4r fait ici allusion aux positions de monopole de Microsoft. Dans de nombreux endroits, on ne conna\u00eet que Windows 10\/11 et Office365. \"Gratuit ne veut pas dire que cela ne sert \u00e0 rien - il faut juste \u00eatre pr\u00eat \u00e0 changer\". Pour les apprentis et les \u00e9tudiants, les syst\u00e8mes d'exploitation connus continueront d'\u00eatre propos\u00e9s, car cela est consid\u00e9r\u00e9 comme absolument n\u00e9cessaire dans de nombreux endroits.<\/p>\n\n\n\n<h4 class=\"wp-block-heading\">Plate-forme d'apprentissage en ligne en construction<\/h4>\n\n\n\n<p>L'association pr\u00e9voit de mettre en place, \u00e0 partir de 2023, une plate-forme d'apprentissage en ligne permettant d'apprendre \u00e0 utiliser ces programmes open source, mais aussi des th\u00e8mes g\u00e9n\u00e9raux tels que la navigation s\u00fbre sur Internet, ind\u00e9pendamment du lieu et de l'heure - et tout cela gratuitement. \"Les ordinateurs portables \u00e0 eux seuls peuvent d\u00e9j\u00e0 faire beaucoup, mais sans une utilisation experte, cela ne suffit pas\", explique le fondateur de l'association. L'objectif est que des t\u00e2ches simples, comme la r\u00e9daction d'un CV ou d'un budget, puissent \u00eatre apprises \u00e0 l'aide de contenus p\u00e9dagogiques simples et interactifs. <\/p>\n\n\n\n<p>Actuellement, le pilotage est financ\u00e9 par les fonds de l'association, mais Sch\u00e4r estime que cette t\u00e2che est \u00e9galement effectu\u00e9e dans l'int\u00e9r\u00eat g\u00e9n\u00e9ral. Il est d'avis que l'illettrisme num\u00e9rique est une th\u00e9matique qui est fortement sous-estim\u00e9e en Suisse. Une plus grande notori\u00e9t\u00e9 devrait alors permettre d'assurer le financement \u00e0 moyen et long terme.<\/p>\n\n\n\n<p>wLw a cr\u00e9\u00e9 \u00e0 cet effet un poste de direction de projet qui sera responsable de la mise en \u0153uvre de la plate-forme \u00e0 partir du mois d'ao\u00fbt. \"Heureusement, nous avons pu nous attacher les services d'une personne disposant de l'exp\u00e9rience ad\u00e9quate pour transmettre des contenus utiles en suivant des \u00e9tapes d'apprentissage simples\". Il est actuellement difficile d'estimer la taille de la plateforme - cela d\u00e9pendra aussi du nombre de partenaires que l'on pourra trouver pour mettre \u00e0 disposition d'autres contenus d'apprentissage.<\/p>\n\n\n\n<figure class=\"wp-block-image size-large\"><img decoding=\"async\" width=\"1024\" height=\"683\" src=\"https:\/\/wir-lernen-weiter.ch\/wp-content\/uploads\/2022\/07\/FINAL-ZF201393-1024x683.jpg\" alt=\"\" class=\"wp-image-3181\" srcset=\"https:\/\/wir-lernen-weiter.ch\/wp-content\/uploads\/2022\/07\/FINAL-ZF201393-1024x683.jpg 1024w, https:\/\/wir-lernen-weiter.ch\/wp-content\/uploads\/2022\/07\/FINAL-ZF201393-300x200.jpg 300w, https:\/\/wir-lernen-weiter.ch\/wp-content\/uploads\/2022\/07\/FINAL-ZF201393-768x512.jpg 768w, https:\/\/wir-lernen-weiter.ch\/wp-content\/uploads\/2022\/07\/FINAL-ZF201393-50x33.jpg 50w, https:\/\/wir-lernen-weiter.ch\/wp-content\/uploads\/2022\/07\/FINAL-ZF201393-1536x1024.jpg 1536w, https:\/\/wir-lernen-weiter.ch\/wp-content\/uploads\/2022\/07\/FINAL-ZF201393-2048x1366.jpg 2048w, https:\/\/wir-lernen-weiter.ch\/wp-content\/uploads\/2022\/07\/FINAL-ZF201393-18x12.jpg 18w, https:\/\/wir-lernen-weiter.ch\/wp-content\/uploads\/2022\/07\/FINAL-ZF201393-1200x800.jpg 1200w, https:\/\/wir-lernen-weiter.ch\/wp-content\/uploads\/2022\/07\/FINAL-ZF201393-1980x1320.jpg 1980w, https:\/\/wir-lernen-weiter.ch\/wp-content\/uploads\/2022\/07\/FINAL-ZF201393-1320x880.jpg 1320w\" sizes=\"(max-width: 1024px) 100vw, 1024px\" \/><figcaption>Un coup d'\u0153il dans la station de traitement de l'association (en photo : Benjamin Br\u00e4ndli)<\/figcaption><\/figure>\n\n\n\n<h4 class=\"wp-block-heading\">Fermer les cycles : Pour que tout le monde soit gagnant<\/h4>\n\n\n\n<p>L'offre de l'association est vite expliqu\u00e9e : les partenaires, tels que les services sociaux communaux, peuvent commander un ordinateur portable pr\u00eat \u00e0 l'emploi pour une contribution actuelle aux frais de 150 CHF chacun. Les demandes ne cessent d'augmenter, mais l'\u00e9quipe constate que de nombreux partenaires commandent des ordinateurs portables, mais ne contribuent pas aux appareils. <\/p>\n\n\n\n<p>\"Pour 150 CHF, aucun ordinateur portable ne sera nettoy\u00e9 proprement, remis \u00e0 neuf et distribu\u00e9. Tous les partenaires qui nous soutiennent ainsi avec des appareils usag\u00e9s pourront \u00e0 l'avenir profiter d'offres plus attrayantes\", explique Sch\u00e4r. L'objectif est d'\u00e9veiller la conscience du cycle dans les petites communes \u00e9galement - et si l'offre de wLw ne doit plus \u00eatre utilis\u00e9e, toutes les personnes impliqu\u00e9es seront \u00e9galement gagnantes. <\/p>\n\n\n\n<figure class=\"wp-block-image size-large\"><img decoding=\"async\" width=\"1024\" height=\"681\" src=\"https:\/\/wir-lernen-weiter.ch\/wp-content\/uploads\/2022\/07\/DSC_2210-1024x681.jpg\" alt=\"\" class=\"wp-image-3187\" srcset=\"https:\/\/wir-lernen-weiter.ch\/wp-content\/uploads\/2022\/07\/DSC_2210-1024x681.jpg 1024w, https:\/\/wir-lernen-weiter.ch\/wp-content\/uploads\/2022\/07\/DSC_2210-300x200.jpg 300w, https:\/\/wir-lernen-weiter.ch\/wp-content\/uploads\/2022\/07\/DSC_2210-768x511.jpg 768w, https:\/\/wir-lernen-weiter.ch\/wp-content\/uploads\/2022\/07\/DSC_2210-50x33.jpg 50w, https:\/\/wir-lernen-weiter.ch\/wp-content\/uploads\/2022\/07\/DSC_2210-1536x1022.jpg 1536w, https:\/\/wir-lernen-weiter.ch\/wp-content\/uploads\/2022\/07\/DSC_2210-2048x1363.jpg 2048w, https:\/\/wir-lernen-weiter.ch\/wp-content\/uploads\/2022\/07\/DSC_2210-18x12.jpg 18w, https:\/\/wir-lernen-weiter.ch\/wp-content\/uploads\/2022\/07\/DSC_2210-1200x798.jpg 1200w, https:\/\/wir-lernen-weiter.ch\/wp-content\/uploads\/2022\/07\/DSC_2210-1980x1317.jpg 1980w, https:\/\/wir-lernen-weiter.ch\/wp-content\/uploads\/2022\/07\/DSC_2210-1320x878.jpg 1320w\" sizes=\"(max-width: 1024px) 100vw, 1024px\" \/><figcaption>Il reste encore beaucoup \u00e0 faire pour l'\u00e9quipe de \"Wir lernen weiter\".<\/figcaption><\/figure>\n\n\n\n<p>Gr\u00e2ce \u00e0 des processus de commande simples, une communication claire et une offre toujours croissante de prestations suppl\u00e9mentaires gratuites, l'\u00e9quipe marque des points en particulier l\u00e0 o\u00f9 des achats \u00e9conomiques et simples sur le plan administratif sont n\u00e9cessaires. Dans ce contexte, l'approche accommodante de l'association est \u00e9galement particuli\u00e8rement appr\u00e9ci\u00e9e : \"Nous voulons distribuer de la joie et non de la frustration\".<\/p>\n\n\n\n<h4 class=\"wp-block-heading\">Un aper\u00e7u<\/h4>\n\n\n\n<p>La croissance rapide de l'association n'est pas facile \u00e0 orchestrer. Entre-temps, six personnes sont employ\u00e9es et de nombreuses autres personnes participent b\u00e9n\u00e9volement. Ainsi, m\u00eame avec une \u00e9quipe croissante d'employ\u00e9s et de b\u00e9n\u00e9voles, il devient de plus en plus n\u00e9cessaire d'assurer la direction et le pilotage. La s\u00e9curit\u00e9 financi\u00e8re est \u00e9galement un sujet qui pr\u00e9occupe le comit\u00e9 directeur et la direction. <\/p>\n\n\n\n<p>Jusqu'\u00e0 pr\u00e9sent, aucune mesure n'a d\u00fb \u00eatre prise pour trouver d'autres sources de financement. Au d\u00e9but du projet, deux fondations ont accord\u00e9 des subventions financi\u00e8res, mais entre-temps, l'association fonctionne de mani\u00e8re autonome - avec les 150 CHF mentionn\u00e9s par ordinateur portable distribu\u00e9. \"Les contributions de couverture sont faibles, mais tous nos processus sont \u00e9volutifs\", estime Sch\u00e4r. <\/p>\n\n\n\n<p>Entre-temps, nous envoyons entre 50 et 75 ordinateurs portables par semaine ; et parfois m\u00eame le double pendant la haute saison de juillet \u00e0 septembre\". Jusqu'\u00e0 pr\u00e9sent, rien que cet \u00e9t\u00e9, environ 500 ordinateurs portables ont \u00e9t\u00e9 distribu\u00e9s \u00e0 des apprentis qui n'ont pas les moyens d'acheter un \u00e9quipement de base. <\/p>\n\n\n\n<figure class=\"wp-block-image size-large\"><img decoding=\"async\" width=\"1024\" height=\"683\" src=\"https:\/\/wir-lernen-weiter.ch\/wp-content\/uploads\/2022\/07\/FINAL-ZF201345-1024x683.jpg\" alt=\"\" class=\"wp-image-3182\" srcset=\"https:\/\/wir-lernen-weiter.ch\/wp-content\/uploads\/2022\/07\/FINAL-ZF201345-1024x683.jpg 1024w, https:\/\/wir-lernen-weiter.ch\/wp-content\/uploads\/2022\/07\/FINAL-ZF201345-300x200.jpg 300w, https:\/\/wir-lernen-weiter.ch\/wp-content\/uploads\/2022\/07\/FINAL-ZF201345-768x512.jpg 768w, https:\/\/wir-lernen-weiter.ch\/wp-content\/uploads\/2022\/07\/FINAL-ZF201345-50x33.jpg 50w, https:\/\/wir-lernen-weiter.ch\/wp-content\/uploads\/2022\/07\/FINAL-ZF201345-1536x1024.jpg 1536w, https:\/\/wir-lernen-weiter.ch\/wp-content\/uploads\/2022\/07\/FINAL-ZF201345-2048x1366.jpg 2048w, https:\/\/wir-lernen-weiter.ch\/wp-content\/uploads\/2022\/07\/FINAL-ZF201345-18x12.jpg 18w, https:\/\/wir-lernen-weiter.ch\/wp-content\/uploads\/2022\/07\/FINAL-ZF201345-1200x800.jpg 1200w, https:\/\/wir-lernen-weiter.ch\/wp-content\/uploads\/2022\/07\/FINAL-ZF201345-1980x1320.jpg 1980w, https:\/\/wir-lernen-weiter.ch\/wp-content\/uploads\/2022\/07\/FINAL-ZF201345-1320x880.jpg 1320w\" sizes=\"(max-width: 1024px) 100vw, 1024px\" \/><figcaption><strong>de gauche \u00e0 droite<\/strong>Benjamin Br\u00e4ndli (Directeur des op\u00e9rations informatiques), Tobias Sch\u00e4r (Fondateur et directeur g\u00e9n\u00e9ral)<\/figcaption><\/figure>\n\n\n\n<p>Sch\u00e4r est confiant dans le fait que l'association peut encore r\u00e9aliser beaucoup pour tous ceux que l'on ne voit pas dans la Suisse num\u00e9rique. Non seulement le reconditionnement des vieux ordinateurs portables ouvre des perspectives, mais il permet aussi de pr\u00e9server l'environnement et les caisses d'imp\u00f4ts. \"L'industrie informatique n'est pas vraiment le secteur le moins polluant. Il devient donc d'autant plus important pour chacun d'entre nous de reconna\u00eetre qu'avec des mesures g\u00e9n\u00e9ralement simples, la plupart des appareils peuvent \u00eatre conserv\u00e9s bien plus longtemps qu'on ne le pense - et c'est l\u00e0 que chacun d'entre nous peut aider !\". <\/p>\n\n\n\n<hr class=\"wp-block-separator has-alpha-channel-opacity\"\/>\n\n\n\n<p class=\"wp-block-ht-blocks-messages wp-block-hb-message wp-block-hb-message--withicon\"><em>Liens compl\u00e9mentaires :<\/em><br>- <strong>Site web :<\/strong> <a rel=\"noreferrer noopener\" href=\"https:\/\/wir-lernen-weiter.ch\/fr\/\" target=\"_blank\">https:\/\/wir-lernen-weiter.ch\/<\/a><br>- <strong>wLw-Wiki :<\/strong> <a rel=\"noreferrer noopener\" href=\"https:\/\/wir-lernen-weiter.ch\/fr\/wlw-wiki\/\" target=\"_blank\">https:\/\/wir-lernen-weiter.ch\/wlw-wiki\/<\/a><br><br><em>Dernier communiqu\u00e9 de presse : <br><\/em><a rel=\"noreferrer noopener\" href=\"https:\/\/wir-lernen-weiter.ch\/fr\/knowledge-base\/wenn-bildungsbuerokratie-lernende-ausgrenzt\/\" target=\"_blank\">https:\/\/wir-lernen-weiter.ch\/knowledge-base\/wenn-bildungsbuerokratie-lernende-ausgrenzt\/<\/a><\/p>\n\n\n\n<p class=\"wp-block-ht-blocks-messages wp-block-hb-message wp-block-hb-message--withicon is-style-info\"><em>Renseignements pour les m\u00e9dias :<\/em><br>- <a rel=\"noreferrer noopener\" href=\"mailto:kontakt@wir-lernen-weiter.ch\" target=\"_blank\">kontakt@wir-lernen-weiter.ch<\/a><br>- +41 56 521 30 29<\/p>","protected":false},"excerpt":{"rendered":"<p>Apr\u00e8s \u00e0 peine deux ans et demi d'activit\u00e9, l'association a eu le plaisir de distribuer le 18 juillet 2022 le 5'000e ordinateur portable \u00e0 un apprenti touch\u00e9 par la pauvret\u00e9. Mais le travail est loin d'\u00eatre termin\u00e9, c'est seulement maintenant que l'on voit l'importance r\u00e9elle de l'action de la petite \u00e9quipe. De nombreuses perspectives ont d\u00e9j\u00e0 pu \u00eatre cr\u00e9\u00e9es avec des appareils qui, sinon, auraient \u00e9t\u00e9 jet\u00e9s \u00e0 la...<\/p>","protected":false},"author":6,"comment_status":"closed","ping_status":"closed","template":"","format":"standard","meta":{"iawp_total_views":1,"footnotes":""},"ht-kb-category":[48],"ht-kb-tag":[],"class_list":["post-3178","ht_kb","type-ht_kb","status-publish","format-standard","hentry","ht_kb_category-blogs"],"_links":{"self":[{"href":"https:\/\/wir-lernen-weiter.ch\/fr\/wp-json\/wp\/v2\/ht-kb\/3178","targetHints":{"allow":["GET"]}}],"collection":[{"href":"https:\/\/wir-lernen-weiter.ch\/fr\/wp-json\/wp\/v2\/ht-kb"}],"about":[{"href":"https:\/\/wir-lernen-weiter.ch\/fr\/wp-json\/wp\/v2\/types\/ht_kb"}],"author":[{"embeddable":true,"href":"https:\/\/wir-lernen-weiter.ch\/fr\/wp-json\/wp\/v2\/users\/6"}],"replies":[{"embeddable":true,"href":"https:\/\/wir-lernen-weiter.ch\/fr\/wp-json\/wp\/v2\/comments?post=3178"}],"version-history":[{"count":0,"href":"https:\/\/wir-lernen-weiter.ch\/fr\/wp-json\/wp\/v2\/ht-kb\/3178\/revisions"}],"wp:attachment":[{"href":"https:\/\/wir-lernen-weiter.ch\/fr\/wp-json\/wp\/v2\/media?parent=3178"}],"wp:term":[{"taxonomy":"ht_kb_category","embeddable":true,"href":"https:\/\/wir-lernen-weiter.ch\/fr\/wp-json\/wp\/v2\/ht-kb-category?post=3178"},{"taxonomy":"ht_kb_tag","embeddable":true,"href":"https:\/\/wir-lernen-weiter.ch\/fr\/wp-json\/wp\/v2\/ht-kb-tag?post=3178"}],"curies":[{"name":"wp","href":"https:\/\/api.w.org\/{rel}","templated":true}]}}